{"version":"1.0","provider_name":"The Epoch Times TR","provider_url":"https:\/\/epochtimestr.com","author_name":"Haber Merkezi","author_url":"https:\/\/epochtimestr.com\/index.php\/author\/sendag","title":"T\u00fcrkiye'nin AB \u00dcyelik M\u00fczakereli\u011fi Ba\u015flayam\u0131yor - The Epoch Times TR","type":"rich","width":600,"height":338,"html":"<blockquote class=\"wp-embedded-content\" data-secret=\"XPbVMKJR4z\"><a href=\"https:\/\/epochtimestr.com\/index.php\/turkiyenin-ab-uyelik-muzakereligi-baslayamiyor\">T\u00fcrkiye&#8217;nin AB \u00dcyelik M\u00fczakereli\u011fi Ba\u015flayam\u0131yor<\/a><\/blockquote><iframe sandbox=\"allow-scripts\" security=\"restricted\" src=\"https:\/\/epochtimestr.com\/index.php\/turkiyenin-ab-uyelik-muzakereligi-baslayamiyor\/embed#?secret=XPbVMKJR4z\" width=\"600\" height=\"338\" title=\"&#8220;T\u00fcrkiye&#8217;nin AB \u00dcyelik M\u00fczakereli\u011fi Ba\u015flayam\u0131yor&#8221; &#8212; The Epoch Times TR\" data-secret=\"XPbVMKJR4z\" frameborder=\"0\" marginwidth=\"0\" marginheight=\"0\" scrolling=\"no\" class=\"wp-embedded-content\"><\/iframe><script type=\"text\/javascript\">\n\/* <![CDATA[ *\/\n\/*! This file is auto-generated *\/\n!function(d,l){\"use strict\";l.querySelector&&d.addEventListener&&\"undefined\"!=typeof URL&&(d.wp=d.wp||{},d.wp.receiveEmbedMessage||(d.wp.receiveEmbedMessage=function(e){var t=e.data;if((t||t.secret||t.message||t.value)&&!\/[^a-zA-Z0-9]\/.test(t.secret)){for(var s,r,n,a=l.querySelectorAll('iframe[data-secret=\"'+t.secret+'\"]'),o=l.querySelectorAll('blockquote[data-secret=\"'+t.secret+'\"]'),c=new RegExp(\"^https?:$\",\"i\"),i=0;i<o.length;i++)o[i].style.display=\"none\";for(i=0;i<a.length;i++)s=a[i],e.source===s.contentWindow&&(s.removeAttribute(\"style\"),\"height\"===t.message?(1e3<(r=parseInt(t.value,10))?r=1e3:~~r<200&&(r=200),s.height=r):\"link\"===t.message&&(r=new URL(s.getAttribute(\"src\")),n=new URL(t.value),c.test(n.protocol))&&n.host===r.host&&l.activeElement===s&&(d.top.location.href=t.value))}},d.addEventListener(\"message\",d.wp.receiveEmbedMessage,!1),l.addEventListener(\"DOMContentLoaded\",function(){for(var e,t,s=l.querySelectorAll(\"iframe.wp-embedded-content\"),r=0;r<s.length;r++)(t=(e=s[r]).getAttribute(\"data-secret\"))||(t=Math.random().toString(36).substring(2,12),e.src+=\"#?secret=\"+t,e.setAttribute(\"data-secret\",t)),e.contentWindow.postMessage({message:\"ready\",secret:t},\"*\")},!1)))}(window,document);\n\/* ]]> *\/\n<\/script>\n","thumbnail_url":"https:\/\/epochtimestr.com\/wp-content\/uploads\/2011y\/flags-1615129_1280.jpg","thumbnail_width":1280,"thumbnail_height":948,"description":"AP D\u0131\u015f \u0130li\u015fkiler Komitesi, T\u00fcrkiye\u2019nin \u00fcyelik m\u00fczakerelerinin mevcut \u015fartlarda yeniden ba\u015flayamayaca\u011f\u0131n\u0131 bildirdi. Avrupa Parlamentosu (AP) D\u0131\u015f \u0130li\u015fkiler Komitesi, T\u00fcrkiye\u2019nin \u00fcyelik m\u00fczakerelerinin \u015fu anki \u015fartlarda yeniden ba\u015flayamayaca\u011f\u0131n\u0131, bu nedenle AB ve T\u00fcrkiye ili\u015fkilerinin farkl\u0131 bir d\u00fczlemde ilerlemesi gerekti\u011fini a\u00e7\u0131klad\u0131. \u00d6te yandan Avrupa Birli\u011fi (AB) \u00fclkelerinin d\u0131\u015fi\u015fleri bakanlar\u0131, 20 Temmuz\u2019da yapacaklar\u0131 toplant\u0131da T\u00fcrkiye-AB ili\u015fkilerini de\u011ferlendirecek. AB \u00fcyelik [&hellip;]"}