{"version":"1.0","provider_name":"The Epoch Times TR","provider_url":"https:\/\/epochtimestr.com","author_name":"Dila \u015eeng\u00fcl","author_url":"https:\/\/epochtimestr.com\/index.php\/author\/dila","title":"T\u00fcrkiye'nin Arad\u0131\u011f\u0131 \u0130sim Yakaland\u0131 - The Epoch Times TR","type":"rich","width":600,"height":338,"html":"<blockquote class=\"wp-embedded-content\" data-secret=\"wDaSx8N9Im\"><a href=\"https:\/\/epochtimestr.com\/index.php\/turkiyenin-aradigi-isim-yakalandi\">T\u00fcrkiye&#8217;nin Arad\u0131\u011f\u0131 \u0130sim Yakaland\u0131<\/a><\/blockquote><iframe sandbox=\"allow-scripts\" security=\"restricted\" src=\"https:\/\/epochtimestr.com\/index.php\/turkiyenin-aradigi-isim-yakalandi\/embed#?secret=wDaSx8N9Im\" width=\"600\" height=\"338\" title=\"&#8220;T\u00fcrkiye&#8217;nin Arad\u0131\u011f\u0131 \u0130sim Yakaland\u0131&#8221; &#8212; The Epoch Times TR\" data-secret=\"wDaSx8N9Im\" frameborder=\"0\" marginwidth=\"0\" marginheight=\"0\" scrolling=\"no\" class=\"wp-embedded-content\"><\/iframe><script type=\"text\/javascript\">\n\/* <![CDATA[ *\/\n\/*! This file is auto-generated *\/\n!function(d,l){\"use strict\";l.querySelector&&d.addEventListener&&\"undefined\"!=typeof URL&&(d.wp=d.wp||{},d.wp.receiveEmbedMessage||(d.wp.receiveEmbedMessage=function(e){var t=e.data;if((t||t.secret||t.message||t.value)&&!\/[^a-zA-Z0-9]\/.test(t.secret)){for(var s,r,n,a=l.querySelectorAll('iframe[data-secret=\"'+t.secret+'\"]'),o=l.querySelectorAll('blockquote[data-secret=\"'+t.secret+'\"]'),c=new RegExp(\"^https?:$\",\"i\"),i=0;i<o.length;i++)o[i].style.display=\"none\";for(i=0;i<a.length;i++)s=a[i],e.source===s.contentWindow&&(s.removeAttribute(\"style\"),\"height\"===t.message?(1e3<(r=parseInt(t.value,10))?r=1e3:~~r<200&&(r=200),s.height=r):\"link\"===t.message&&(r=new URL(s.getAttribute(\"src\")),n=new URL(t.value),c.test(n.protocol))&&n.host===r.host&&l.activeElement===s&&(d.top.location.href=t.value))}},d.addEventListener(\"message\",d.wp.receiveEmbedMessage,!1),l.addEventListener(\"DOMContentLoaded\",function(){for(var e,t,s=l.querySelectorAll(\"iframe.wp-embedded-content\"),r=0;r<s.length;r++)(t=(e=s[r]).getAttribute(\"data-secret\"))||(t=Math.random().toString(36).substring(2,12),e.src+=\"#?secret=\"+t,e.setAttribute(\"data-secret\",t)),e.contentWindow.postMessage({message:\"ready\",secret:t},\"*\")},!1)))}(window,document);\n\/* ]]> *\/\n<\/script>\n","thumbnail_url":"https:\/\/epochtimestr.com\/wp-content\/uploads\/2011y\/1769662-1.jpg","thumbnail_width":664,"thumbnail_height":354,"description":"T\u00fcrkiye\u2019nin Uluslararas\u0131 Polis Te\u015fkilat\u0131 arac\u0131l\u0131\u011f\u0131yla arad\u0131\u011f\u0131 Hamza Yal\u00e7\u0131n \u0130spanya\u2019da yakaland\u0131. \u0130sve\u00e7\u2019te ya\u015fayan 59 ya\u015f\u0131ndaki Hamza Yal\u00e7\u0131n\u2019\u0131n \u0130spanya\u2019n\u0131n Barselona kentinde tutukland\u0131\u011f\u0131 a\u00e7\u0131kland\u0131. T\u00fcrkiye\u2019nin talebiyle ter\u00f6r eylemi planlamakla su\u00e7lanan Yal\u00e7\u0131n, \u0130nterpol\u2019\u00fcn arananlar listesinde yer al\u0131yordu. Yal\u00e7\u0131n\u2019\u0131n Barselona\u2019dan Londra\u2019ya ge\u00e7mek \u00fczereyken pasaport kontrol\u00fc s\u0131ras\u0131nda durduruldu\u011fu belirtildi. \u0130HA"}