{"version":"1.0","provider_name":"The Epoch Times TR","provider_url":"https:\/\/epochtimestr.com","author_name":"S. \u00d6zcan","author_url":"https:\/\/epochtimestr.com\/index.php\/author\/n-kaya","title":"T\u00fcrkiye'nin G\u00f6zde Mesle\u011fi Bakkal \u0130\u015fletmecili\u011fi Oldu - The Epoch Times TR","type":"rich","width":600,"height":338,"html":"<blockquote class=\"wp-embedded-content\" data-secret=\"HLxKfxp0qG\"><a href=\"https:\/\/epochtimestr.com\/index.php\/turkiyenin-gozde-meslegi-bakkal-isletmeciligi-oldu\">T\u00fcrkiye&#8217;nin G\u00f6zde Mesle\u011fi Bakkal \u0130\u015fletmecili\u011fi Oldu<\/a><\/blockquote><iframe sandbox=\"allow-scripts\" security=\"restricted\" src=\"https:\/\/epochtimestr.com\/index.php\/turkiyenin-gozde-meslegi-bakkal-isletmeciligi-oldu\/embed#?secret=HLxKfxp0qG\" width=\"600\" height=\"338\" title=\"&#8220;T\u00fcrkiye&#8217;nin G\u00f6zde Mesle\u011fi Bakkal \u0130\u015fletmecili\u011fi Oldu&#8221; &#8212; The Epoch Times TR\" data-secret=\"HLxKfxp0qG\" frameborder=\"0\" marginwidth=\"0\" marginheight=\"0\" scrolling=\"no\" class=\"wp-embedded-content\"><\/iframe><script type=\"text\/javascript\">\n\/* <![CDATA[ *\/\n\/*! This file is auto-generated *\/\n!function(d,l){\"use strict\";l.querySelector&&d.addEventListener&&\"undefined\"!=typeof URL&&(d.wp=d.wp||{},d.wp.receiveEmbedMessage||(d.wp.receiveEmbedMessage=function(e){var t=e.data;if((t||t.secret||t.message||t.value)&&!\/[^a-zA-Z0-9]\/.test(t.secret)){for(var s,r,n,a=l.querySelectorAll('iframe[data-secret=\"'+t.secret+'\"]'),o=l.querySelectorAll('blockquote[data-secret=\"'+t.secret+'\"]'),c=new RegExp(\"^https?:$\",\"i\"),i=0;i<o.length;i++)o[i].style.display=\"none\";for(i=0;i<a.length;i++)s=a[i],e.source===s.contentWindow&&(s.removeAttribute(\"style\"),\"height\"===t.message?(1e3<(r=parseInt(t.value,10))?r=1e3:~~r<200&&(r=200),s.height=r):\"link\"===t.message&&(r=new URL(s.getAttribute(\"src\")),n=new URL(t.value),c.test(n.protocol))&&n.host===r.host&&l.activeElement===s&&(d.top.location.href=t.value))}},d.addEventListener(\"message\",d.wp.receiveEmbedMessage,!1),l.addEventListener(\"DOMContentLoaded\",function(){for(var e,t,s=l.querySelectorAll(\"iframe.wp-embedded-content\"),r=0;r<s.length;r++)(t=(e=s[r]).getAttribute(\"data-secret\"))||(t=Math.random().toString(36).substring(2,12),e.src+=\"#?secret=\"+t,e.setAttribute(\"data-secret\",t)),e.contentWindow.postMessage({message:\"ready\",secret:t},\"*\")},!1)))}(window,document);\n\/* ]]> *\/\n<\/script>\n","thumbnail_url":"https:\/\/epochtimestr.com\/wp-content\/uploads\/2011y\/1615968.jpg","thumbnail_width":600,"thumbnail_height":319,"description":"T\u00fcrkiye\u2019de 2015 y\u0131l\u0131n\u0131n g\u00f6zde meslekleri olan bakkal, bayi ve b\u00fcfe i\u015fletmecili\u011fi, 2016 y\u0131l\u0131n\u0131n ilk 3 ay\u0131nda yine halk\u0131n en \u00e7ok tercih etti\u011fi mesleklerin ba\u015f\u0131nda geldi. Bakkall\u0131k, bayilik ve b\u00fcfecilik mesle\u011fini yapmak i\u00e7in 2016 y\u0131l\u0131 ilk 3 ay\u0131nda en fazla tescili yap\u0131lan 20 meslek i\u00e7erisinde 8 bin 048 ki\u015fi ile ilk s\u0131rada yer ald\u0131. T\u00fcrkiye Esnaf [&hellip;]"}