{"version":"1.0","provider_name":"The Epoch Times TR","provider_url":"https:\/\/epochtimestr.com","author_name":"Haber Merkezi","author_url":"https:\/\/epochtimestr.com\/index.php\/author\/sendag","title":"T\u00fcrkiye'nin \u0130lk \u00a0Engelsiz \u0130\u015f Adamlar\u0131 Derne\u011fi Mersin\u2019de Kuruldu - The Epoch Times TR","type":"rich","width":600,"height":338,"html":"<blockquote class=\"wp-embedded-content\" data-secret=\"LVqRYHnw0Y\"><a href=\"https:\/\/epochtimestr.com\/index.php\/turkiyenin-ilk-engelsiz-is-adamlari-dernegi-mersinde-kuruldu\">T\u00fcrkiye&#8217;nin \u0130lk \u00a0Engelsiz \u0130\u015f Adamlar\u0131 Derne\u011fi Mersin\u2019de Kuruldu<\/a><\/blockquote><iframe sandbox=\"allow-scripts\" security=\"restricted\" src=\"https:\/\/epochtimestr.com\/index.php\/turkiyenin-ilk-engelsiz-is-adamlari-dernegi-mersinde-kuruldu\/embed#?secret=LVqRYHnw0Y\" width=\"600\" height=\"338\" title=\"&#8220;T\u00fcrkiye&#8217;nin \u0130lk \u00a0Engelsiz \u0130\u015f Adamlar\u0131 Derne\u011fi Mersin\u2019de Kuruldu&#8221; &#8212; The Epoch Times TR\" data-secret=\"LVqRYHnw0Y\" frameborder=\"0\" marginwidth=\"0\" marginheight=\"0\" scrolling=\"no\" class=\"wp-embedded-content\"><\/iframe><script type=\"text\/javascript\">\n\/* <![CDATA[ *\/\n\/*! This file is auto-generated *\/\n!function(d,l){\"use strict\";l.querySelector&&d.addEventListener&&\"undefined\"!=typeof URL&&(d.wp=d.wp||{},d.wp.receiveEmbedMessage||(d.wp.receiveEmbedMessage=function(e){var t=e.data;if((t||t.secret||t.message||t.value)&&!\/[^a-zA-Z0-9]\/.test(t.secret)){for(var s,r,n,a=l.querySelectorAll('iframe[data-secret=\"'+t.secret+'\"]'),o=l.querySelectorAll('blockquote[data-secret=\"'+t.secret+'\"]'),c=new RegExp(\"^https?:$\",\"i\"),i=0;i<o.length;i++)o[i].style.display=\"none\";for(i=0;i<a.length;i++)s=a[i],e.source===s.contentWindow&&(s.removeAttribute(\"style\"),\"height\"===t.message?(1e3<(r=parseInt(t.value,10))?r=1e3:~~r<200&&(r=200),s.height=r):\"link\"===t.message&&(r=new URL(s.getAttribute(\"src\")),n=new URL(t.value),c.test(n.protocol))&&n.host===r.host&&l.activeElement===s&&(d.top.location.href=t.value))}},d.addEventListener(\"message\",d.wp.receiveEmbedMessage,!1),l.addEventListener(\"DOMContentLoaded\",function(){for(var e,t,s=l.querySelectorAll(\"iframe.wp-embedded-content\"),r=0;r<s.length;r++)(t=(e=s[r]).getAttribute(\"data-secret\"))||(t=Math.random().toString(36).substring(2,12),e.src+=\"#?secret=\"+t,e.setAttribute(\"data-secret\",t)),e.contentWindow.postMessage({message:\"ready\",secret:t},\"*\")},!1)))}(window,document);\n\/* ]]> *\/\n<\/script>\n","thumbnail_url":"https:\/\/epochtimestr.com\/wp-content\/uploads\/2011y\/Engelli-Is-Adamlri-Dernegi.jpeg","thumbnail_width":1337,"thumbnail_height":739,"description":"Engeli vatanda\u015flar\u0131n yard\u0131ma muhta\u00e7 bireyler olmaktan ziyade \u00fcretim ve istihdam alanlar\u0131nda\u00a0 \u00fclke ekonomisine katk\u0131 sa\u011flayan bireyler oldu\u011funu g\u00f6stermek ve t\u00fcm engelli vatanda\u015flara giri\u015fimcilik ruhunu a\u015f\u0131lamak amac\u0131yla Mersin\u2019de T\u00fcrkiye\u2019nin ilk engelsiz i\u015f adamlar\u0131 derne\u011fi kuruldu. \u00a0Ba\u015fkanl\u0131\u011f\u0131n\u0131 Mersinli engelli i\u015f insan\u0131 Soner Demir\u2019\u0130n yapt\u0131\u011f\u0131 dernek g\u00f6rme, ortopedik, i\u015fitme ve \u00e7e\u015fitli di\u011fer engel gurubundan 68 i\u015f insan\u0131 \u00fcyenin [&hellip;]"}