{"version":"1.0","provider_name":"The Epoch Times TR","provider_url":"https:\/\/epochtimestr.com","author_name":"Bora Akdeniz","author_url":"https:\/\/epochtimestr.com\/index.php\/author\/bora","title":"T\u00dcS\u0130AD, Genel Se\u00e7imlerden Sonra Tebrik ve Beklentilerini A\u00e7\u0131klad\u0131 - The Epoch Times TR","type":"rich","width":600,"height":338,"html":"<blockquote class=\"wp-embedded-content\" data-secret=\"Cu42lUNls5\"><a href=\"https:\/\/epochtimestr.com\/index.php\/tusiad-genel-secimlerden-sonra-tebrik-ve-beklentilerini-acikladi\">T\u00dcS\u0130AD, Genel Se\u00e7imlerden Sonra Tebrik ve Beklentilerini A\u00e7\u0131klad\u0131<\/a><\/blockquote><iframe sandbox=\"allow-scripts\" security=\"restricted\" src=\"https:\/\/epochtimestr.com\/index.php\/tusiad-genel-secimlerden-sonra-tebrik-ve-beklentilerini-acikladi\/embed#?secret=Cu42lUNls5\" width=\"600\" height=\"338\" title=\"&#8220;T\u00dcS\u0130AD, Genel Se\u00e7imlerden Sonra Tebrik ve Beklentilerini A\u00e7\u0131klad\u0131&#8221; &#8212; The Epoch Times TR\" data-secret=\"Cu42lUNls5\" frameborder=\"0\" marginwidth=\"0\" marginheight=\"0\" scrolling=\"no\" class=\"wp-embedded-content\"><\/iframe><script type=\"text\/javascript\">\n\/* <![CDATA[ *\/\n\/*! This file is auto-generated *\/\n!function(d,l){\"use strict\";l.querySelector&&d.addEventListener&&\"undefined\"!=typeof URL&&(d.wp=d.wp||{},d.wp.receiveEmbedMessage||(d.wp.receiveEmbedMessage=function(e){var t=e.data;if((t||t.secret||t.message||t.value)&&!\/[^a-zA-Z0-9]\/.test(t.secret)){for(var s,r,n,a=l.querySelectorAll('iframe[data-secret=\"'+t.secret+'\"]'),o=l.querySelectorAll('blockquote[data-secret=\"'+t.secret+'\"]'),c=new RegExp(\"^https?:$\",\"i\"),i=0;i<o.length;i++)o[i].style.display=\"none\";for(i=0;i<a.length;i++)s=a[i],e.source===s.contentWindow&&(s.removeAttribute(\"style\"),\"height\"===t.message?(1e3<(r=parseInt(t.value,10))?r=1e3:~~r<200&&(r=200),s.height=r):\"link\"===t.message&&(r=new URL(s.getAttribute(\"src\")),n=new URL(t.value),c.test(n.protocol))&&n.host===r.host&&l.activeElement===s&&(d.top.location.href=t.value))}},d.addEventListener(\"message\",d.wp.receiveEmbedMessage,!1),l.addEventListener(\"DOMContentLoaded\",function(){for(var e,t,s=l.querySelectorAll(\"iframe.wp-embedded-content\"),r=0;r<s.length;r++)(t=(e=s[r]).getAttribute(\"data-secret\"))||(t=Math.random().toString(36).substring(2,12),e.src+=\"#?secret=\"+t,e.setAttribute(\"data-secret\",t)),e.contentWindow.postMessage({message:\"ready\",secret:t},\"*\")},!1)))}(window,document);\n\/* ]]> *\/\n<\/script>\n","description":"Genel se\u00e7imlerin ard\u0131nda i\u015f d\u00fcnyas\u0131ndan a\u00e7\u0131klamalar, tebrikler, temenniler a\u00e7\u0131klanmaya ba\u015flad\u0131. Bunlardan birisi 40. y\u0131l\u0131n\u0131 kutlayan T\u00dcS\u0130AD&#8217;t\u0131. T\u00dcS\u0130AD Y\u00f6netim Kurulu&#8217;nun \u00a0a\u00e7\u0131klamas\u0131: \u201c24. D\u00f6nem TBMM se\u00e7imleri sonucunda \u00fc\u00e7\u00fcnc\u00fc kez iktidar\u0131n\u0131 s\u00fcrd\u00fcren Adalet ve Kalk\u0131nma Partisi\u2019ni ve TBMM\u2019de temsil edilecek olan Cumhuriyet Halk Partisi, Milliyet\u00e7i Hareket Partisi ve ba\u011f\u0131ms\u0131z milletvekillerini kutlar, yeni parlamentonun T\u00fcrkiye\u2019deki demokratik standartlar\u0131 y\u00fckseltme ve [&hellip;]","thumbnail_url":"http:\/\/www.epochtimestr.com\/wp-content\/uploads\/2011y\/T\u00fcsiad.jpg"}