{"version":"1.0","provider_name":"The Epoch Times TR","provider_url":"https:\/\/epochtimestr.com","author_name":"Nesrin Se\u00e7er","author_url":"https:\/\/epochtimestr.com\/index.php\/author\/nesrin","title":"TUS\u0130AD'\u0131n Parlamento Turundaki \u0130lk Dura\u011f\u0131 BDP Oldu - The Epoch Times TR","type":"rich","width":600,"height":338,"html":"<blockquote class=\"wp-embedded-content\" data-secret=\"p234mP81dZ\"><a href=\"https:\/\/epochtimestr.com\/index.php\/tusiadin-parlamento-turundaki-ilk-duragi-bdp-oldu\">TUS\u0130AD&#8217;\u0131n Parlamento Turundaki \u0130lk Dura\u011f\u0131 BDP Oldu<\/a><\/blockquote><iframe sandbox=\"allow-scripts\" security=\"restricted\" src=\"https:\/\/epochtimestr.com\/index.php\/tusiadin-parlamento-turundaki-ilk-duragi-bdp-oldu\/embed#?secret=p234mP81dZ\" width=\"600\" height=\"338\" title=\"&#8220;TUS\u0130AD&#8217;\u0131n Parlamento Turundaki \u0130lk Dura\u011f\u0131 BDP Oldu&#8221; &#8212; The Epoch Times TR\" data-secret=\"p234mP81dZ\" frameborder=\"0\" marginwidth=\"0\" marginheight=\"0\" scrolling=\"no\" class=\"wp-embedded-content\"><\/iframe><script type=\"text\/javascript\">\n\/* <![CDATA[ *\/\n\/*! This file is auto-generated *\/\n!function(d,l){\"use strict\";l.querySelector&&d.addEventListener&&\"undefined\"!=typeof URL&&(d.wp=d.wp||{},d.wp.receiveEmbedMessage||(d.wp.receiveEmbedMessage=function(e){var t=e.data;if((t||t.secret||t.message||t.value)&&!\/[^a-zA-Z0-9]\/.test(t.secret)){for(var s,r,n,a=l.querySelectorAll('iframe[data-secret=\"'+t.secret+'\"]'),o=l.querySelectorAll('blockquote[data-secret=\"'+t.secret+'\"]'),c=new RegExp(\"^https?:$\",\"i\"),i=0;i<o.length;i++)o[i].style.display=\"none\";for(i=0;i<a.length;i++)s=a[i],e.source===s.contentWindow&&(s.removeAttribute(\"style\"),\"height\"===t.message?(1e3<(r=parseInt(t.value,10))?r=1e3:~~r<200&&(r=200),s.height=r):\"link\"===t.message&&(r=new URL(s.getAttribute(\"src\")),n=new URL(t.value),c.test(n.protocol))&&n.host===r.host&&l.activeElement===s&&(d.top.location.href=t.value))}},d.addEventListener(\"message\",d.wp.receiveEmbedMessage,!1),l.addEventListener(\"DOMContentLoaded\",function(){for(var e,t,s=l.querySelectorAll(\"iframe.wp-embedded-content\"),r=0;r<s.length;r++)(t=(e=s[r]).getAttribute(\"data-secret\"))||(t=Math.random().toString(36).substring(2,12),e.src+=\"#?secret=\"+t,e.setAttribute(\"data-secret\",t)),e.contentWindow.postMessage({message:\"ready\",secret:t},\"*\")},!1)))}(window,document);\n\/* ]]> *\/\n<\/script>\n","description":"Yasama faaliyetlerini yak\u0131ndan takip etmek amac\u0131yla parlamentodaki parti gruplar\u0131n\u0131 ziyaret eden TUS\u0130AD&#8217;\u0131n ilk dura\u011f\u0131 BDP oldu. Y\u00f6netim Kurulu Ba\u015fkan\u0131 ve Parlamento \u0130\u015fleri Komisyonu Ba\u015fkan\u0131 Haluk Din\u00e7er ba\u015fkanl\u0131\u011f\u0131nda BDP grubunu ziyaret eden TUS\u0130AD heyeti, yeni anayasa konusunda yapt\u0131klar\u0131 \u00e7al\u0131\u015fmalar\u0131 BDP Grup Ba\u015fkanvekili Hasip Kaplan ile payla\u015ft\u0131. Kaplan, toplant\u0131da yapt\u0131\u011f\u0131 konu\u015fmas\u0131nda \u015funlar\u0131 s\u00f6yledi: &#8220;Demokrasinin \u00fc\u00e7 \u00f6nemli sacaya\u011f\u0131 [&hellip;]","thumbnail_url":"http:\/\/www.epochtimestr.com\/wp-content\/uploads\/2011y\/Tusiad-Bdp-300x196.jpg"}