{"version":"1.0","provider_name":"The Epoch Times TR","provider_url":"https:\/\/epochtimestr.com","author_name":"Nesrin Se\u00e7er","author_url":"https:\/\/epochtimestr.com\/index.php\/author\/nesrin","title":"Tuzla Belediyesi'nden Burak Kut'la 90'lar Konseri - The Epoch Times TR","type":"rich","width":600,"height":338,"html":"<blockquote class=\"wp-embedded-content\" data-secret=\"gW3yRgQpLa\"><a href=\"https:\/\/epochtimestr.com\/index.php\/tuzla-belediyesinden-burak-kutla-90lar-konseri\">Tuzla Belediyesi&#8217;nden Burak Kut&#8217;la 90&#8217;lar Konseri<\/a><\/blockquote><iframe sandbox=\"allow-scripts\" security=\"restricted\" src=\"https:\/\/epochtimestr.com\/index.php\/tuzla-belediyesinden-burak-kutla-90lar-konseri\/embed#?secret=gW3yRgQpLa\" width=\"600\" height=\"338\" title=\"&#8220;Tuzla Belediyesi&#8217;nden Burak Kut&#8217;la 90&#8217;lar Konseri&#8221; &#8212; The Epoch Times TR\" data-secret=\"gW3yRgQpLa\" frameborder=\"0\" marginwidth=\"0\" marginheight=\"0\" scrolling=\"no\" class=\"wp-embedded-content\"><\/iframe><script type=\"text\/javascript\">\n\/* <![CDATA[ *\/\n\/*! This file is auto-generated *\/\n!function(d,l){\"use strict\";l.querySelector&&d.addEventListener&&\"undefined\"!=typeof URL&&(d.wp=d.wp||{},d.wp.receiveEmbedMessage||(d.wp.receiveEmbedMessage=function(e){var t=e.data;if((t||t.secret||t.message||t.value)&&!\/[^a-zA-Z0-9]\/.test(t.secret)){for(var s,r,n,a=l.querySelectorAll('iframe[data-secret=\"'+t.secret+'\"]'),o=l.querySelectorAll('blockquote[data-secret=\"'+t.secret+'\"]'),c=new RegExp(\"^https?:$\",\"i\"),i=0;i<o.length;i++)o[i].style.display=\"none\";for(i=0;i<a.length;i++)s=a[i],e.source===s.contentWindow&&(s.removeAttribute(\"style\"),\"height\"===t.message?(1e3<(r=parseInt(t.value,10))?r=1e3:~~r<200&&(r=200),s.height=r):\"link\"===t.message&&(r=new URL(s.getAttribute(\"src\")),n=new URL(t.value),c.test(n.protocol))&&n.host===r.host&&l.activeElement===s&&(d.top.location.href=t.value))}},d.addEventListener(\"message\",d.wp.receiveEmbedMessage,!1),l.addEventListener(\"DOMContentLoaded\",function(){for(var e,t,s=l.querySelectorAll(\"iframe.wp-embedded-content\"),r=0;r<s.length;r++)(t=(e=s[r]).getAttribute(\"data-secret\"))||(t=Math.random().toString(36).substring(2,12),e.src+=\"#?secret=\"+t,e.setAttribute(\"data-secret\",t)),e.contentWindow.postMessage({message:\"ready\",secret:t},\"*\")},!1)))}(window,document);\n\/* ]]> *\/\n<\/script>\n","thumbnail_url":"https:\/\/epochtimestr.com\/wp-content\/uploads\/2011y\/tuzla.jpg","thumbnail_width":492,"thumbnail_height":280,"description":"T\u00fcrk Pop m\u00fczi\u011finin sevilen ismi Burak Kut, Tuzla\u2019da verdi\u011fi konserle hayranlar\u0131n\u0131 b\u00fcy\u00fcledi. Tuzla Belediye\u2019sinin d\u00fczenledi\u011fi \u201c90\u2019lar Tuzla\u2019da Esti\u201d konseri kapsam\u0131nda pop sanat\u00e7\u0131s\u0131 Burak Kut Tuzla\u2019l\u0131 hayranlar\u0131yla bir araya geldi. Tuzla \u0130dris G\u00fcll\u00fcce K\u00fclt\u00fcr Merkezi\u2019nde ger\u00e7ekle\u015fen konserde izleyenlere co\u015fku dolu anlar ya\u015fatan gen\u00e7 sanat\u00e7\u0131, konser \u00f6ncesinde kuliste yetimlerle bir araya geldi. G\u00f6n\u00fcl Elleri \u00c7ar\u015f\u0131s\u0131 g\u00f6n\u00fcll\u00fclerinin organize [&hellip;]"}