{"version":"1.0","provider_name":"The Epoch Times TR","provider_url":"https:\/\/epochtimestr.com","author_name":"Emel AKAN","author_url":"https:\/\/epochtimestr.com\/index.php\/author\/emel","title":"Twitter Yasa\u011f\u0131na Tepkiler Devam Ediyor - The Epoch Times TR","type":"rich","width":600,"height":338,"html":"<blockquote class=\"wp-embedded-content\" data-secret=\"VGbiqfePKT\"><a href=\"https:\/\/epochtimestr.com\/index.php\/twitter-yasagina-tepkiler-devam-ediyor\">Twitter Yasa\u011f\u0131na Tepkiler Devam Ediyor<\/a><\/blockquote><iframe sandbox=\"allow-scripts\" security=\"restricted\" src=\"https:\/\/epochtimestr.com\/index.php\/twitter-yasagina-tepkiler-devam-ediyor\/embed#?secret=VGbiqfePKT\" width=\"600\" height=\"338\" title=\"&#8220;Twitter Yasa\u011f\u0131na Tepkiler Devam Ediyor&#8221; &#8212; The Epoch Times TR\" data-secret=\"VGbiqfePKT\" frameborder=\"0\" marginwidth=\"0\" marginheight=\"0\" scrolling=\"no\" class=\"wp-embedded-content\"><\/iframe><script type=\"text\/javascript\">\n\/* <![CDATA[ *\/\n\/*! This file is auto-generated *\/\n!function(d,l){\"use strict\";l.querySelector&&d.addEventListener&&\"undefined\"!=typeof URL&&(d.wp=d.wp||{},d.wp.receiveEmbedMessage||(d.wp.receiveEmbedMessage=function(e){var t=e.data;if((t||t.secret||t.message||t.value)&&!\/[^a-zA-Z0-9]\/.test(t.secret)){for(var s,r,n,a=l.querySelectorAll('iframe[data-secret=\"'+t.secret+'\"]'),o=l.querySelectorAll('blockquote[data-secret=\"'+t.secret+'\"]'),c=new RegExp(\"^https?:$\",\"i\"),i=0;i<o.length;i++)o[i].style.display=\"none\";for(i=0;i<a.length;i++)s=a[i],e.source===s.contentWindow&&(s.removeAttribute(\"style\"),\"height\"===t.message?(1e3<(r=parseInt(t.value,10))?r=1e3:~~r<200&&(r=200),s.height=r):\"link\"===t.message&&(r=new URL(s.getAttribute(\"src\")),n=new URL(t.value),c.test(n.protocol))&&n.host===r.host&&l.activeElement===s&&(d.top.location.href=t.value))}},d.addEventListener(\"message\",d.wp.receiveEmbedMessage,!1),l.addEventListener(\"DOMContentLoaded\",function(){for(var e,t,s=l.querySelectorAll(\"iframe.wp-embedded-content\"),r=0;r<s.length;r++)(t=(e=s[r]).getAttribute(\"data-secret\"))||(t=Math.random().toString(36).substring(2,12),e.src+=\"#?secret=\"+t,e.setAttribute(\"data-secret\",t)),e.contentWindow.postMessage({message:\"ready\",secret:t},\"*\")},!1)))}(window,document);\n\/* ]]> *\/\n<\/script>\n","thumbnail_url":"https:\/\/epochtimestr.com\/wp-content\/uploads\/2011y\/twitter-logo.png","thumbnail_width":413,"thumbnail_height":336,"description":"T\u00fcrkiye\u2019de k\u0131sa s\u00fcrede al\u0131nan bir karar ile Twitter&#8217;a eri\u015fimin engellenmesi d\u00fcnya g\u00fcndemine oturdu. Per\u015fembe g\u00fcn\u00fc Bursa mitinginde konu\u015fan Ba\u015fbakan Recep Tayyip Erdo\u011fan sosyal medya a\u011f\u0131 olan Twitter\u2019\u0131 sert bir \u015fekilde ele\u015ftirmi\u015f ve \u201cHepsinin k\u00f6k\u00fcn\u00fc kaz\u0131yaca\u011f\u0131z\u201d demi\u015fti. Ayn\u0131 g\u00fcn gece 23\u2019ten sonra, Twitter\u2019a eri\u015fimin engelledi\u011fi bildirildi. Bilgi Teknolojileri ve \u0130leti\u015fim Kurumu, Amerika merkezli sosyal payla\u015f\u0131m sitesi [&hellip;]"}