{"version":"1.0","provider_name":"The Epoch Times TR","provider_url":"https:\/\/epochtimestr.com","author_name":"Haber Merkezi","author_url":"https:\/\/epochtimestr.com\/index.php\/author\/sendag","title":"Twitter'da Eri\u015fim Sorunu Ya\u015fan\u0131yor - The Epoch Times TR","type":"rich","width":600,"height":338,"html":"<blockquote class=\"wp-embedded-content\" data-secret=\"GP6vroevE2\"><a href=\"https:\/\/epochtimestr.com\/index.php\/twitterda-erisim-sorunu-yasaniyor\">Twitter&#8217;da Eri\u015fim Sorunu Ya\u015fan\u0131yor<\/a><\/blockquote><iframe sandbox=\"allow-scripts\" security=\"restricted\" src=\"https:\/\/epochtimestr.com\/index.php\/twitterda-erisim-sorunu-yasaniyor\/embed#?secret=GP6vroevE2\" width=\"600\" height=\"338\" title=\"&#8220;Twitter&#8217;da Eri\u015fim Sorunu Ya\u015fan\u0131yor&#8221; &#8212; The Epoch Times TR\" data-secret=\"GP6vroevE2\" frameborder=\"0\" marginwidth=\"0\" marginheight=\"0\" scrolling=\"no\" class=\"wp-embedded-content\"><\/iframe><script type=\"text\/javascript\">\n\/* <![CDATA[ *\/\n\/*! This file is auto-generated *\/\n!function(d,l){\"use strict\";l.querySelector&&d.addEventListener&&\"undefined\"!=typeof URL&&(d.wp=d.wp||{},d.wp.receiveEmbedMessage||(d.wp.receiveEmbedMessage=function(e){var t=e.data;if((t||t.secret||t.message||t.value)&&!\/[^a-zA-Z0-9]\/.test(t.secret)){for(var s,r,n,a=l.querySelectorAll('iframe[data-secret=\"'+t.secret+'\"]'),o=l.querySelectorAll('blockquote[data-secret=\"'+t.secret+'\"]'),c=new RegExp(\"^https?:$\",\"i\"),i=0;i<o.length;i++)o[i].style.display=\"none\";for(i=0;i<a.length;i++)s=a[i],e.source===s.contentWindow&&(s.removeAttribute(\"style\"),\"height\"===t.message?(1e3<(r=parseInt(t.value,10))?r=1e3:~~r<200&&(r=200),s.height=r):\"link\"===t.message&&(r=new URL(s.getAttribute(\"src\")),n=new URL(t.value),c.test(n.protocol))&&n.host===r.host&&l.activeElement===s&&(d.top.location.href=t.value))}},d.addEventListener(\"message\",d.wp.receiveEmbedMessage,!1),l.addEventListener(\"DOMContentLoaded\",function(){for(var e,t,s=l.querySelectorAll(\"iframe.wp-embedded-content\"),r=0;r<s.length;r++)(t=(e=s[r]).getAttribute(\"data-secret\"))||(t=Math.random().toString(36).substring(2,12),e.src+=\"#?secret=\"+t,e.setAttribute(\"data-secret\",t)),e.contentWindow.postMessage({message:\"ready\",secret:t},\"*\")},!1)))}(window,document);\n\/* ]]> *\/\n<\/script>\n","thumbnail_url":"https:\/\/epochtimestr.com\/wp-content\/uploads\/2011y\/Twitter-akilli-telefon-pixabay.jpg","thumbnail_width":640,"thumbnail_height":359,"description":"Kahramanmara\u015f depremi sonras\u0131nda yard\u0131m \u00e7a\u011fr\u0131lar\u0131 i\u00e7in yo\u011fun bir \u015fekilde kullan\u0131lan Twitter&#8217;da eri\u015fim problemi ya\u015fanmaya ba\u015flad\u0131. Son dakikalarda ise Twitter hesaplar\u0131na girilemiyor. \u00a0Twitter uygulamas\u0131na girmeye \u00e7al\u0131\u015fan kullan\u0131c\u0131lar tweetlere ula\u015famad\u0131klar\u0131n\u0131 bildiriyorlar. \u00d6zellikle kriz anlar\u0131nda halk\u0131n haber kanallar\u0131n\u0131n yan\u0131 s\u0131ra h\u0131zl\u0131 haber al\u0131\u015f veri\u015fi i\u00e7in kulland\u0131\u011f\u0131 sosyal medya uygulamalar\u0131 aras\u0131nda bulunan Twitter&#8217;a hem mobilde hem de bilgisayarlarda\u00a0eri\u015fim sorunu [&hellip;]"}