{"version":"1.0","provider_name":"The Epoch Times TR","provider_url":"https:\/\/epochtimestr.com","author_name":"D.Alk\u0131n","author_url":"https:\/\/epochtimestr.com\/index.php\/author\/derya","title":"Ulusal Bayram T\u00f6renleri ve Kutlamalar\u0131 Y\u00f6netmeli\u011fi De\u011fi\u015fti - The Epoch Times TR","type":"rich","width":600,"height":338,"html":"<blockquote class=\"wp-embedded-content\" data-secret=\"FicjmIzWhk\"><a href=\"https:\/\/epochtimestr.com\/index.php\/ulusak-bayram-torenleri-ve-kutlamalalari-yonetmeligi-degisti\">Ulusal Bayram T\u00f6renleri ve Kutlamalar\u0131 Y\u00f6netmeli\u011fi De\u011fi\u015fti<\/a><\/blockquote><iframe sandbox=\"allow-scripts\" security=\"restricted\" src=\"https:\/\/epochtimestr.com\/index.php\/ulusak-bayram-torenleri-ve-kutlamalalari-yonetmeligi-degisti\/embed#?secret=FicjmIzWhk\" width=\"600\" height=\"338\" title=\"&#8220;Ulusal Bayram T\u00f6renleri ve Kutlamalar\u0131 Y\u00f6netmeli\u011fi De\u011fi\u015fti&#8221; &#8212; The Epoch Times TR\" data-secret=\"FicjmIzWhk\" frameborder=\"0\" marginwidth=\"0\" marginheight=\"0\" scrolling=\"no\" class=\"wp-embedded-content\"><\/iframe><script type=\"text\/javascript\">\n\/* <![CDATA[ *\/\n\/*! This file is auto-generated *\/\n!function(d,l){\"use strict\";l.querySelector&&d.addEventListener&&\"undefined\"!=typeof URL&&(d.wp=d.wp||{},d.wp.receiveEmbedMessage||(d.wp.receiveEmbedMessage=function(e){var t=e.data;if((t||t.secret||t.message||t.value)&&!\/[^a-zA-Z0-9]\/.test(t.secret)){for(var s,r,n,a=l.querySelectorAll('iframe[data-secret=\"'+t.secret+'\"]'),o=l.querySelectorAll('blockquote[data-secret=\"'+t.secret+'\"]'),c=new RegExp(\"^https?:$\",\"i\"),i=0;i<o.length;i++)o[i].style.display=\"none\";for(i=0;i<a.length;i++)s=a[i],e.source===s.contentWindow&&(s.removeAttribute(\"style\"),\"height\"===t.message?(1e3<(r=parseInt(t.value,10))?r=1e3:~~r<200&&(r=200),s.height=r):\"link\"===t.message&&(r=new URL(s.getAttribute(\"src\")),n=new URL(t.value),c.test(n.protocol))&&n.host===r.host&&l.activeElement===s&&(d.top.location.href=t.value))}},d.addEventListener(\"message\",d.wp.receiveEmbedMessage,!1),l.addEventListener(\"DOMContentLoaded\",function(){for(var e,t,s=l.querySelectorAll(\"iframe.wp-embedded-content\"),r=0;r<s.length;r++)(t=(e=s[r]).getAttribute(\"data-secret\"))||(t=Math.random().toString(36).substring(2,12),e.src+=\"#?secret=\"+t,e.setAttribute(\"data-secret\",t)),e.contentWindow.postMessage({message:\"ready\",secret:t},\"*\")},!1)))}(window,document);\n\/* ]]> *\/\n<\/script>\n","thumbnail_url":"https:\/\/epochtimestr.com\/wp-content\/uploads\/2011y\/IMG_4683.jpg","thumbnail_width":467,"thumbnail_height":350,"description":"Ulusal Bayram T\u00f6ren ve Kutlamalar Y\u00f6netmeli\u011fi De\u011fi\u015fti Ulusal Bayram t\u00f6renleri ve kutlamalar\u0131 g\u00fcn\u00fcn ko\u015fullar\u0131na g\u00f6re \u00a0yeniden d\u00fczenlenerek tek bir y\u00f6netmelikte topland\u0131. Daha \u00f6nce her biri i\u00e7in ayr\u0131 ayr\u0131 y\u00f6netmelik bulunuyordu. Yeni y\u00f6netmeli\u011fe g\u00f6re Zafer Bayram\u0131 tebriklerini Cumhurba\u015fkan\u0131 Abdullah G\u00fcl taraf\u0131ndan \u00c7ankaya K\u00f6\u015fk\u00fc\u2019nde kabul edilecek. Daha \u00f6nce orduevlerinde d\u00fczenlenen resepsiyonlar cumhurba\u015fkanl\u0131\u011f\u0131 \u00a0k\u00f6\u015fk\u00fcne \u00a0ta\u015f\u0131nacak. Vatan Gazetesi\u2019nin haberine [&hellip;]"}