{"version":"1.0","provider_name":"The Epoch Times TR","provider_url":"https:\/\/epochtimestr.com","author_name":"S.\u015eener","author_url":"https:\/\/epochtimestr.com\/index.php\/author\/semra","title":"Ulusal Egemenlik ve \u00c7ocuk Bayram\u0131m\u0131z Kutlu Olsun  - The Epoch Times TR","type":"rich","width":600,"height":338,"html":"<blockquote class=\"wp-embedded-content\" data-secret=\"WAYZfhwP3W\"><a href=\"https:\/\/epochtimestr.com\/index.php\/ulusal-egemenlik-ve-cocuk-bayramimiz-kutlu-olsun\">Ulusal Egemenlik ve \u00c7ocuk Bayram\u0131m\u0131z Kutlu Olsun<\/a><\/blockquote><iframe sandbox=\"allow-scripts\" security=\"restricted\" src=\"https:\/\/epochtimestr.com\/index.php\/ulusal-egemenlik-ve-cocuk-bayramimiz-kutlu-olsun\/embed#?secret=WAYZfhwP3W\" width=\"600\" height=\"338\" title=\"&#8220;Ulusal Egemenlik ve \u00c7ocuk Bayram\u0131m\u0131z Kutlu Olsun&#8221; &#8212; The Epoch Times TR\" data-secret=\"WAYZfhwP3W\" frameborder=\"0\" marginwidth=\"0\" marginheight=\"0\" scrolling=\"no\" class=\"wp-embedded-content\"><\/iframe><script type=\"text\/javascript\">\n\/* <![CDATA[ *\/\n\/*! This file is auto-generated *\/\n!function(d,l){\"use strict\";l.querySelector&&d.addEventListener&&\"undefined\"!=typeof URL&&(d.wp=d.wp||{},d.wp.receiveEmbedMessage||(d.wp.receiveEmbedMessage=function(e){var t=e.data;if((t||t.secret||t.message||t.value)&&!\/[^a-zA-Z0-9]\/.test(t.secret)){for(var s,r,n,a=l.querySelectorAll('iframe[data-secret=\"'+t.secret+'\"]'),o=l.querySelectorAll('blockquote[data-secret=\"'+t.secret+'\"]'),c=new RegExp(\"^https?:$\",\"i\"),i=0;i<o.length;i++)o[i].style.display=\"none\";for(i=0;i<a.length;i++)s=a[i],e.source===s.contentWindow&&(s.removeAttribute(\"style\"),\"height\"===t.message?(1e3<(r=parseInt(t.value,10))?r=1e3:~~r<200&&(r=200),s.height=r):\"link\"===t.message&&(r=new URL(s.getAttribute(\"src\")),n=new URL(t.value),c.test(n.protocol))&&n.host===r.host&&l.activeElement===s&&(d.top.location.href=t.value))}},d.addEventListener(\"message\",d.wp.receiveEmbedMessage,!1),l.addEventListener(\"DOMContentLoaded\",function(){for(var e,t,s=l.querySelectorAll(\"iframe.wp-embedded-content\"),r=0;r<s.length;r++)(t=(e=s[r]).getAttribute(\"data-secret\"))||(t=Math.random().toString(36).substring(2,12),e.src+=\"#?secret=\"+t,e.setAttribute(\"data-secret\",t)),e.contentWindow.postMessage({message:\"ready\",secret:t},\"*\")},!1)))}(window,document);\n\/* ]]> *\/\n<\/script>\n","thumbnail_url":"https:\/\/epochtimestr.com\/wp-content\/uploads\/2011y\/935381_602273253116025_1004985339_n.jpg","thumbnail_width":400,"thumbnail_height":270,"description":"23 Nisan Ulusal Egemenlik ve \u00c7ocuk Bayram\u0131 t\u00fcm yurtta kutland\u0131. 23 Nisan 1920 \u201c\u0130\u015fittim ki, baz\u0131 arkada\u015flar yoksullu\u011fumuzu bahane ederek memleketlerine d\u00f6nmek istiyorlarm\u0131\u015f. Ben kimseyi zorla milli meclise davet etmedim. Herkes karar\u0131nda \u00f6zg\u00fcrd\u00fcr, bunlara ba\u015fkalar\u0131 da kat\u0131labilirler. Ben bu mukaddes davaya inanm\u0131\u015f bir insan s\u0131fat\u0131 ile buradan bir yere gitmemeye karar verdim. Hatta, hepiniz gidebilirsiniz. [&hellip;]"}