{"version":"1.0","provider_name":"The Epoch Times TR","provider_url":"https:\/\/epochtimestr.com","author_name":"Nesrin Se\u00e7er","author_url":"https:\/\/epochtimestr.com\/index.php\/author\/nesrin","title":"Uluslararas\u0131 Il\u0131su Baraj\u0131 Arkeoloji Sempozyumu  - The Epoch Times TR","type":"rich","width":600,"height":338,"html":"<blockquote class=\"wp-embedded-content\" data-secret=\"XqNwzeeXNC\"><a href=\"https:\/\/epochtimestr.com\/index.php\/uluslararasi-ilisu-baraji-arkeoloji-sempozyumu\">Uluslararas\u0131 Il\u0131su Baraj\u0131 Arkeoloji Sempozyumu<\/a><\/blockquote><iframe sandbox=\"allow-scripts\" security=\"restricted\" src=\"https:\/\/epochtimestr.com\/index.php\/uluslararasi-ilisu-baraji-arkeoloji-sempozyumu\/embed#?secret=XqNwzeeXNC\" width=\"600\" height=\"338\" title=\"&#8220;Uluslararas\u0131 Il\u0131su Baraj\u0131 Arkeoloji Sempozyumu&#8221; &#8212; The Epoch Times TR\" data-secret=\"XqNwzeeXNC\" frameborder=\"0\" marginwidth=\"0\" marginheight=\"0\" scrolling=\"no\" class=\"wp-embedded-content\"><\/iframe><script type=\"text\/javascript\">\n\/* <![CDATA[ *\/\n\/*! This file is auto-generated *\/\n!function(d,l){\"use strict\";l.querySelector&&d.addEventListener&&\"undefined\"!=typeof URL&&(d.wp=d.wp||{},d.wp.receiveEmbedMessage||(d.wp.receiveEmbedMessage=function(e){var t=e.data;if((t||t.secret||t.message||t.value)&&!\/[^a-zA-Z0-9]\/.test(t.secret)){for(var s,r,n,a=l.querySelectorAll('iframe[data-secret=\"'+t.secret+'\"]'),o=l.querySelectorAll('blockquote[data-secret=\"'+t.secret+'\"]'),c=new RegExp(\"^https?:$\",\"i\"),i=0;i<o.length;i++)o[i].style.display=\"none\";for(i=0;i<a.length;i++)s=a[i],e.source===s.contentWindow&&(s.removeAttribute(\"style\"),\"height\"===t.message?(1e3<(r=parseInt(t.value,10))?r=1e3:~~r<200&&(r=200),s.height=r):\"link\"===t.message&&(r=new URL(s.getAttribute(\"src\")),n=new URL(t.value),c.test(n.protocol))&&n.host===r.host&&l.activeElement===s&&(d.top.location.href=t.value))}},d.addEventListener(\"message\",d.wp.receiveEmbedMessage,!1),l.addEventListener(\"DOMContentLoaded\",function(){for(var e,t,s=l.querySelectorAll(\"iframe.wp-embedded-content\"),r=0;r<s.length;r++)(t=(e=s[r]).getAttribute(\"data-secret\"))||(t=Math.random().toString(36).substring(2,12),e.src+=\"#?secret=\"+t,e.setAttribute(\"data-secret\",t)),e.contentWindow.postMessage({message:\"ready\",secret:t},\"*\")},!1)))}(window,document);\n\/* ]]> *\/\n<\/script>\n","description":"K\u00fclt\u00fcr ve Turizm Bakanl\u0131\u011f\u0131, K\u00fclt\u00fcr Varl\u0131klar\u0131 ve M\u00fczeler Genel M\u00fcd\u00fcrl\u00fc\u011f\u00fc taraf\u0131ndan d\u00fczenlenecek olan &#8220;Uluslararas\u0131 Il\u0131su Baraj\u0131 Arkeoloji Sempozyumu&#8221; 19-22 Ekim 2011 tarihleri aras\u0131nda Mardin, Artuklu \u00dcniversitesi Vali Ko\u00e7aklar Konferans Salonu\u2019nda (AKM) ger\u00e7ekle\u015ftirilecektir. Sempozyum s\u00fcresince, T\u00fcrk ve yabanc\u0131 bilim adamlar\u0131 taraf\u0131ndan an\u0131lan proje kapsam\u0131nda y\u00fcr\u00fct\u00fclen arkeolojik faaliyetler ile baraj alt\u0131nda kalacak k\u00fclt\u00fcr varl\u0131klar\u0131n\u0131n korunmas\u0131na dair bilimsel [&hellip;]","thumbnail_url":"http:\/\/www.epochtimestr.com\/wp-content\/uploads\/2011y\/\u0131l\u0131su-baraj\u0131.jpg"}