{"version":"1.0","provider_name":"The Epoch Times TR","provider_url":"https:\/\/epochtimestr.com","author_name":"Haber Merkezi","author_url":"https:\/\/epochtimestr.com\/index.php\/author\/sendag","title":"\u00dcmit \u00d6zda\u011f Bah\u00e7eli Hakk\u0131nda Konu\u015ftu - The Epoch Times TR","type":"rich","width":600,"height":338,"html":"<blockquote class=\"wp-embedded-content\" data-secret=\"lTkPExFuhh\"><a href=\"https:\/\/epochtimestr.com\/index.php\/umit-ozdag-bahceli-hakkinda-konustu\">\u00dcmit \u00d6zda\u011f Bah\u00e7eli Hakk\u0131nda Konu\u015ftu<\/a><\/blockquote><iframe sandbox=\"allow-scripts\" security=\"restricted\" src=\"https:\/\/epochtimestr.com\/index.php\/umit-ozdag-bahceli-hakkinda-konustu\/embed#?secret=lTkPExFuhh\" width=\"600\" height=\"338\" title=\"&#8220;\u00dcmit \u00d6zda\u011f Bah\u00e7eli Hakk\u0131nda Konu\u015ftu&#8221; &#8212; The Epoch Times TR\" data-secret=\"lTkPExFuhh\" frameborder=\"0\" marginwidth=\"0\" marginheight=\"0\" scrolling=\"no\" class=\"wp-embedded-content\"><\/iframe><script type=\"text\/javascript\">\n\/* <![CDATA[ *\/\n\/*! This file is auto-generated *\/\n!function(d,l){\"use strict\";l.querySelector&&d.addEventListener&&\"undefined\"!=typeof URL&&(d.wp=d.wp||{},d.wp.receiveEmbedMessage||(d.wp.receiveEmbedMessage=function(e){var t=e.data;if((t||t.secret||t.message||t.value)&&!\/[^a-zA-Z0-9]\/.test(t.secret)){for(var s,r,n,a=l.querySelectorAll('iframe[data-secret=\"'+t.secret+'\"]'),o=l.querySelectorAll('blockquote[data-secret=\"'+t.secret+'\"]'),c=new RegExp(\"^https?:$\",\"i\"),i=0;i<o.length;i++)o[i].style.display=\"none\";for(i=0;i<a.length;i++)s=a[i],e.source===s.contentWindow&&(s.removeAttribute(\"style\"),\"height\"===t.message?(1e3<(r=parseInt(t.value,10))?r=1e3:~~r<200&&(r=200),s.height=r):\"link\"===t.message&&(r=new URL(s.getAttribute(\"src\")),n=new URL(t.value),c.test(n.protocol))&&n.host===r.host&&l.activeElement===s&&(d.top.location.href=t.value))}},d.addEventListener(\"message\",d.wp.receiveEmbedMessage,!1),l.addEventListener(\"DOMContentLoaded\",function(){for(var e,t,s=l.querySelectorAll(\"iframe.wp-embedded-content\"),r=0;r<s.length;r++)(t=(e=s[r]).getAttribute(\"data-secret\"))||(t=Math.random().toString(36).substring(2,12),e.src+=\"#?secret=\"+t,e.setAttribute(\"data-secret\",t)),e.contentWindow.postMessage({message:\"ready\",secret:t},\"*\")},!1)))}(window,document);\n\/* ]]> *\/\n<\/script>\n","thumbnail_url":"https:\/\/epochtimestr.com\/wp-content\/uploads\/2011y\/Screenshot_20220506-220045_YouTube.jpg","thumbnail_width":1975,"thumbnail_height":1077,"description":"Zafer Partisi Genel Ba\u015fkan\u0131 \u00dcmit \u00d6zda\u011f, MHP lideri Devlet Bah\u00e7eli\u2019nin sosyal medya hesab\u0131ndan yapt\u0131\u011f\u0131 payla\u015f\u0131mlara ili\u015fkin de\u011ferlendirmede bulundu. Halk TV yay\u0131n\u0131nda \u201cBah\u00e7eli bir isim vermemi\u015ftir\u201d diyen \u00d6zda\u011f, \u201cBenimle ilgili me\u015frebi bulan\u0131k demez\u201d ifadelerini kulland\u0131. \u00d6zda\u011f, \u201cBen say\u0131n Bah\u00e7eli\u2019nin MHP genel ba\u015fkan adayl\u0131\u011f\u0131 konu\u015fmas\u0131n\u0131 yazan ki\u015fiyim\u201d diyerek \u015f\u00f6yle devam etti: Babam rahmetli olmadan a\u011f\u0131r beyin kanamas\u0131yla [&hellip;]"}