{"version":"1.0","provider_name":"The Epoch Times TR","provider_url":"https:\/\/epochtimestr.com","author_name":"Dila \u015eeng\u00fcl","author_url":"https:\/\/epochtimestr.com\/index.php\/author\/dila","title":"UNESCO, Kud\u00fcs\u2019\u00fcn \u0130\u015fgal Alt\u0131nda Oldu\u011funa Karar Verdi - The Epoch Times TR","type":"rich","width":600,"height":338,"html":"<blockquote class=\"wp-embedded-content\" data-secret=\"uhb1IVk0ig\"><a href=\"https:\/\/epochtimestr.com\/index.php\/unesco-kudusun-isgal-altinda-olduguna-karar-verdi\">UNESCO, Kud\u00fcs\u2019\u00fcn \u0130\u015fgal Alt\u0131nda Oldu\u011funa Karar Verdi<\/a><\/blockquote><iframe sandbox=\"allow-scripts\" security=\"restricted\" src=\"https:\/\/epochtimestr.com\/index.php\/unesco-kudusun-isgal-altinda-olduguna-karar-verdi\/embed#?secret=uhb1IVk0ig\" width=\"600\" height=\"338\" title=\"&#8220;UNESCO, Kud\u00fcs\u2019\u00fcn \u0130\u015fgal Alt\u0131nda Oldu\u011funa Karar Verdi&#8221; &#8212; The Epoch Times TR\" data-secret=\"uhb1IVk0ig\" frameborder=\"0\" marginwidth=\"0\" marginheight=\"0\" scrolling=\"no\" class=\"wp-embedded-content\"><\/iframe><script type=\"text\/javascript\">\n\/* <![CDATA[ *\/\n\/*! This file is auto-generated *\/\n!function(d,l){\"use strict\";l.querySelector&&d.addEventListener&&\"undefined\"!=typeof URL&&(d.wp=d.wp||{},d.wp.receiveEmbedMessage||(d.wp.receiveEmbedMessage=function(e){var t=e.data;if((t||t.secret||t.message||t.value)&&!\/[^a-zA-Z0-9]\/.test(t.secret)){for(var s,r,n,a=l.querySelectorAll('iframe[data-secret=\"'+t.secret+'\"]'),o=l.querySelectorAll('blockquote[data-secret=\"'+t.secret+'\"]'),c=new RegExp(\"^https?:$\",\"i\"),i=0;i<o.length;i++)o[i].style.display=\"none\";for(i=0;i<a.length;i++)s=a[i],e.source===s.contentWindow&&(s.removeAttribute(\"style\"),\"height\"===t.message?(1e3<(r=parseInt(t.value,10))?r=1e3:~~r<200&&(r=200),s.height=r):\"link\"===t.message&&(r=new URL(s.getAttribute(\"src\")),n=new URL(t.value),c.test(n.protocol))&&n.host===r.host&&l.activeElement===s&&(d.top.location.href=t.value))}},d.addEventListener(\"message\",d.wp.receiveEmbedMessage,!1),l.addEventListener(\"DOMContentLoaded\",function(){for(var e,t,s=l.querySelectorAll(\"iframe.wp-embedded-content\"),r=0;r<s.length;r++)(t=(e=s[r]).getAttribute(\"data-secret\"))||(t=Math.random().toString(36).substring(2,12),e.src+=\"#?secret=\"+t,e.setAttribute(\"data-secret\",t)),e.contentWindow.postMessage({message:\"ready\",secret:t},\"*\")},!1)))}(window,document);\n\/* ]]> *\/\n<\/script>\n","thumbnail_url":"https:\/\/epochtimestr.com\/wp-content\/uploads\/2011y\/2032138-1.jpg","thumbnail_width":664,"thumbnail_height":354,"description":"Birle\u015fmi\u015f Milletler Bilim, E\u011fitim ve K\u00fclt\u00fcr \u00d6rg\u00fct\u00fc (UNESCO) Y\u00fcr\u00fctme Kurulu, 201\u2019inci toplant\u0131s\u0131nda, 10 ret 23 \u00e7ekimser oya kar\u015f\u0131 22 oyla Kud\u00fcs\u2019\u00fcn i\u015fgal alt\u0131ndaki Filistin \u015fehri oldu\u011funu kabul etti. Kurul yapt\u0131\u011f\u0131 a\u00e7\u0131klamada, i\u015fgalci \u0130srail\u2019in hukuksuz \u00e7al\u0131\u015fmalar\u0131n\u0131 durdurmamas\u0131ndan \u00fcz\u00fcnt\u00fc duyuldu\u011fu belirterek, i\u015fgal rejiminin Kud\u00fcs\u2019te ve \u00f6zellikle Eski Belde semtinde yasal olmayan projeleri hayata ge\u00e7irmeye devam etti\u011fi hat\u0131rlat\u0131ld\u0131. [&hellip;]"}