{"version":"1.0","provider_name":"The Epoch Times TR","provider_url":"https:\/\/epochtimestr.com","author_name":"Dila \u015eeng\u00fcl","author_url":"https:\/\/epochtimestr.com\/index.php\/author\/dila","title":"UNICEF: Suriyeli \u00c7ocuklar \u0130\u00e7in En K\u00f6t\u00fc Y\u0131l 2016\u2019yd\u0131 - The Epoch Times TR","type":"rich","width":600,"height":338,"html":"<blockquote class=\"wp-embedded-content\" data-secret=\"KQIljj3M09\"><a href=\"https:\/\/epochtimestr.com\/index.php\/unicef-suriyeli-cocuklar-icin-en-kotu-yil-2016ydi\">UNICEF: Suriyeli \u00c7ocuklar \u0130\u00e7in En K\u00f6t\u00fc Y\u0131l 2016\u2019yd\u0131<\/a><\/blockquote><iframe sandbox=\"allow-scripts\" security=\"restricted\" src=\"https:\/\/epochtimestr.com\/index.php\/unicef-suriyeli-cocuklar-icin-en-kotu-yil-2016ydi\/embed#?secret=KQIljj3M09\" width=\"600\" height=\"338\" title=\"&#8220;UNICEF: Suriyeli \u00c7ocuklar \u0130\u00e7in En K\u00f6t\u00fc Y\u0131l 2016\u2019yd\u0131&#8221; &#8212; The Epoch Times TR\" data-secret=\"KQIljj3M09\" frameborder=\"0\" marginwidth=\"0\" marginheight=\"0\" scrolling=\"no\" class=\"wp-embedded-content\"><\/iframe><script type=\"text\/javascript\">\n\/* <![CDATA[ *\/\n\/*! This file is auto-generated *\/\n!function(d,l){\"use strict\";l.querySelector&&d.addEventListener&&\"undefined\"!=typeof URL&&(d.wp=d.wp||{},d.wp.receiveEmbedMessage||(d.wp.receiveEmbedMessage=function(e){var t=e.data;if((t||t.secret||t.message||t.value)&&!\/[^a-zA-Z0-9]\/.test(t.secret)){for(var s,r,n,a=l.querySelectorAll('iframe[data-secret=\"'+t.secret+'\"]'),o=l.querySelectorAll('blockquote[data-secret=\"'+t.secret+'\"]'),c=new RegExp(\"^https?:$\",\"i\"),i=0;i<o.length;i++)o[i].style.display=\"none\";for(i=0;i<a.length;i++)s=a[i],e.source===s.contentWindow&&(s.removeAttribute(\"style\"),\"height\"===t.message?(1e3<(r=parseInt(t.value,10))?r=1e3:~~r<200&&(r=200),s.height=r):\"link\"===t.message&&(r=new URL(s.getAttribute(\"src\")),n=new URL(t.value),c.test(n.protocol))&&n.host===r.host&&l.activeElement===s&&(d.top.location.href=t.value))}},d.addEventListener(\"message\",d.wp.receiveEmbedMessage,!1),l.addEventListener(\"DOMContentLoaded\",function(){for(var e,t,s=l.querySelectorAll(\"iframe.wp-embedded-content\"),r=0;r<s.length;r++)(t=(e=s[r]).getAttribute(\"data-secret\"))||(t=Math.random().toString(36).substring(2,12),e.src+=\"#?secret=\"+t,e.setAttribute(\"data-secret\",t)),e.contentWindow.postMessage({message:\"ready\",secret:t},\"*\")},!1)))}(window,document);\n\/* ]]> *\/\n<\/script>\n","thumbnail_url":"https:\/\/epochtimestr.com\/wp-content\/uploads\/2011y\/1968175.jpg","thumbnail_width":664,"thumbnail_height":354,"description":"Birle\u015fmi\u015f Milletler \u00c7ocuklara Yard\u0131m Fonu (UNICEF), 2016 y\u0131l\u0131n\u0131n Suriyeli \u00e7ocuklar i\u00e7in en k\u00f6t\u00fc y\u0131l oldu\u011funu duyurdu UNICEF taraf\u0131ndan yay\u0131nlanan raporda, 2016 y\u0131l\u0131nda di\u011fer y\u0131llara k\u0131yasla en \u00e7ok \u00e7ocuk \u00f6l\u00fcm\u00fcn\u00fcn g\u00f6r\u00fcld\u00fc\u011f\u00fc kaydedildi. En az 652 \u00e7ocu\u011fun hayat\u0131n\u0131 kaybetti\u011fi ve bu \u00e7ocuklar\u0131n 255\u2019nin okulda ya da okul yak\u0131nlar\u0131nda oldu\u011fu belirtilen raporda, bunun 2015 y\u0131l\u0131na oranla y\u00fczde 20\u2019lik [&hellip;]"}