{"version":"1.0","provider_name":"The Epoch Times TR","provider_url":"https:\/\/epochtimestr.com","author_name":"Demet G.","author_url":"https:\/\/epochtimestr.com\/index.php\/author\/d-gokoglu","title":"\u00dcnl\u00fc \u015eark\u0131c\u0131 Murat G\u00f6\u011febakan Kansere Yenik D\u00fc\u015ft\u00fc - The Epoch Times TR","type":"rich","width":600,"height":338,"html":"<blockquote class=\"wp-embedded-content\" data-secret=\"bhzBnTkohC\"><a href=\"https:\/\/epochtimestr.com\/index.php\/unlu-sarkici-murat-gogebakan-kansere-yenik-dustu\">\u00dcnl\u00fc \u015eark\u0131c\u0131 Murat G\u00f6\u011febakan Kansere Yenik D\u00fc\u015ft\u00fc<\/a><\/blockquote><iframe sandbox=\"allow-scripts\" security=\"restricted\" src=\"https:\/\/epochtimestr.com\/index.php\/unlu-sarkici-murat-gogebakan-kansere-yenik-dustu\/embed#?secret=bhzBnTkohC\" width=\"600\" height=\"338\" title=\"&#8220;\u00dcnl\u00fc \u015eark\u0131c\u0131 Murat G\u00f6\u011febakan Kansere Yenik D\u00fc\u015ft\u00fc&#8221; &#8212; The Epoch Times TR\" data-secret=\"bhzBnTkohC\" frameborder=\"0\" marginwidth=\"0\" marginheight=\"0\" scrolling=\"no\" class=\"wp-embedded-content\"><\/iframe><script type=\"text\/javascript\">\n\/* <![CDATA[ *\/\n\/*! This file is auto-generated *\/\n!function(d,l){\"use strict\";l.querySelector&&d.addEventListener&&\"undefined\"!=typeof URL&&(d.wp=d.wp||{},d.wp.receiveEmbedMessage||(d.wp.receiveEmbedMessage=function(e){var t=e.data;if((t||t.secret||t.message||t.value)&&!\/[^a-zA-Z0-9]\/.test(t.secret)){for(var s,r,n,a=l.querySelectorAll('iframe[data-secret=\"'+t.secret+'\"]'),o=l.querySelectorAll('blockquote[data-secret=\"'+t.secret+'\"]'),c=new RegExp(\"^https?:$\",\"i\"),i=0;i<o.length;i++)o[i].style.display=\"none\";for(i=0;i<a.length;i++)s=a[i],e.source===s.contentWindow&&(s.removeAttribute(\"style\"),\"height\"===t.message?(1e3<(r=parseInt(t.value,10))?r=1e3:~~r<200&&(r=200),s.height=r):\"link\"===t.message&&(r=new URL(s.getAttribute(\"src\")),n=new URL(t.value),c.test(n.protocol))&&n.host===r.host&&l.activeElement===s&&(d.top.location.href=t.value))}},d.addEventListener(\"message\",d.wp.receiveEmbedMessage,!1),l.addEventListener(\"DOMContentLoaded\",function(){for(var e,t,s=l.querySelectorAll(\"iframe.wp-embedded-content\"),r=0;r<s.length;r++)(t=(e=s[r]).getAttribute(\"data-secret\"))||(t=Math.random().toString(36).substring(2,12),e.src+=\"#?secret=\"+t,e.setAttribute(\"data-secret\",t)),e.contentWindow.postMessage({message:\"ready\",secret:t},\"*\")},!1)))}(window,document);\n\/* ]]> *\/\n<\/script>\n","thumbnail_url":"https:\/\/epochtimestr.com\/wp-content\/uploads\/2011y\/murat-gogebakan.jpg","thumbnail_width":448,"thumbnail_height":298,"description":"24 Temmuz\u2019da Ba\u011fc\u0131lar Medipol Hastanesi&#8217;nde yeniden kanser tedavisi g\u00f6rmeye ba\u015flayan G\u00f6\u011febakan,\u00a0bug\u00fcn \u00a0yo\u011fun bak\u0131m \u00fcnitesinde hayat\u0131n\u0131 kaybetti. G\u00f6\u011febakan, 2010 y\u0131l\u0131nda kan kanserine yakalanm\u0131\u015ft\u0131. 9 Ekim 1968 y\u0131l\u0131nda Adana\u2019da d\u00fcnya gelen G\u00f6\u011febakan, 1986 y\u0131l\u0131nda girdi\u011fi Hacettepe Ankara Devlet Konservatuar\u0131\u2019nda e\u011fitimini tamamlad\u0131 ve \u00c7ukurova \u00dcniversitesinde \u00f6\u011fretim g\u00f6revlisi olarak g\u00f6rev yapt\u0131. Adana\u2019da g\u00f6rev yapt\u0131\u011f\u0131 s\u0131rada dergah e\u011fitimi alan G\u00f6\u011febakan, [&hellip;]"}