{"version":"1.0","provider_name":"The Epoch Times TR","provider_url":"https:\/\/epochtimestr.com","author_name":"Haber Merkezi","author_url":"https:\/\/epochtimestr.com\/index.php\/author\/sendag","title":"Uygur Politikas\u0131 Yasa Tasar\u0131s\u0131, ABD Meclisi'nde Kabul Edildi - The Epoch Times TR","type":"rich","width":600,"height":338,"html":"<blockquote class=\"wp-embedded-content\" data-secret=\"uNFzUHuj9c\"><a href=\"https:\/\/epochtimestr.com\/index.php\/uygur-politikasi-yasa-tasarisi-abd-meclisinde-kabul-edildi\">Uygur Politikas\u0131 Yasa Tasar\u0131s\u0131, ABD Meclisi&#8217;nde Kabul Edildi<\/a><\/blockquote><iframe sandbox=\"allow-scripts\" security=\"restricted\" src=\"https:\/\/epochtimestr.com\/index.php\/uygur-politikasi-yasa-tasarisi-abd-meclisinde-kabul-edildi\/embed#?secret=uNFzUHuj9c\" width=\"600\" height=\"338\" title=\"&#8220;Uygur Politikas\u0131 Yasa Tasar\u0131s\u0131, ABD Meclisi&#8217;nde Kabul Edildi&#8221; &#8212; The Epoch Times TR\" data-secret=\"uNFzUHuj9c\" frameborder=\"0\" marginwidth=\"0\" marginheight=\"0\" scrolling=\"no\" class=\"wp-embedded-content\"><\/iframe><script type=\"text\/javascript\">\n\/* <![CDATA[ *\/\n\/*! This file is auto-generated *\/\n!function(d,l){\"use strict\";l.querySelector&&d.addEventListener&&\"undefined\"!=typeof URL&&(d.wp=d.wp||{},d.wp.receiveEmbedMessage||(d.wp.receiveEmbedMessage=function(e){var t=e.data;if((t||t.secret||t.message||t.value)&&!\/[^a-zA-Z0-9]\/.test(t.secret)){for(var s,r,n,a=l.querySelectorAll('iframe[data-secret=\"'+t.secret+'\"]'),o=l.querySelectorAll('blockquote[data-secret=\"'+t.secret+'\"]'),c=new RegExp(\"^https?:$\",\"i\"),i=0;i<o.length;i++)o[i].style.display=\"none\";for(i=0;i<a.length;i++)s=a[i],e.source===s.contentWindow&&(s.removeAttribute(\"style\"),\"height\"===t.message?(1e3<(r=parseInt(t.value,10))?r=1e3:~~r<200&&(r=200),s.height=r):\"link\"===t.message&&(r=new URL(s.getAttribute(\"src\")),n=new URL(t.value),c.test(n.protocol))&&n.host===r.host&&l.activeElement===s&&(d.top.location.href=t.value))}},d.addEventListener(\"message\",d.wp.receiveEmbedMessage,!1),l.addEventListener(\"DOMContentLoaded\",function(){for(var e,t,s=l.querySelectorAll(\"iframe.wp-embedded-content\"),r=0;r<s.length;r++)(t=(e=s[r]).getAttribute(\"data-secret\"))||(t=Math.random().toString(36).substring(2,12),e.src+=\"#?secret=\"+t,e.setAttribute(\"data-secret\",t)),e.contentWindow.postMessage({message:\"ready\",secret:t},\"*\")},!1)))}(window,document);\n\/* ]]> *\/\n<\/script>\n","thumbnail_url":"https:\/\/epochtimestr.com\/wp-content\/uploads\/2011y\/uygur-t\u00fcrkleri-1.png","thumbnail_width":800,"thumbnail_height":533,"description":"\u201cUygur Politikas\u0131 Yasas\u0131\u201d ABD Temsilciler Meclisi Komitesi\u2019nde oy birli\u011fiyle kabul edildi; tasar\u0131 \u00c7in\u2019in Uygurlara y\u00f6nelik soyk\u0131r\u0131m ve ihlallerine kar\u015f\u0131 stratejik \u00f6nlemler i\u00e7eriyor. ABD Temsilciler Meclisi D\u0131\u015f \u0130li\u015fkiler Komitesine 10 Nisan 2025 tarihinde sunulan \u201cUygur Politikas\u0131 Yasas\u0131\u201d olarak adland\u0131r\u0131lan tasar\u0131 iki partili t\u00fcm \u00fcyelerin oybirli\u011fiyle kabul edildi. Tasar\u0131da, ABD D\u0131\u015fi\u015fleri Bakanl\u0131\u011f\u0131\u2019n\u0131n Uygurlar ve Do\u011fu T\u00fcrkistan\u2019a y\u00f6nelik [&hellip;]"}