{"version":"1.0","provider_name":"The Epoch Times TR","provider_url":"https:\/\/epochtimestr.com","author_name":"S. \u00d6zcan","author_url":"https:\/\/epochtimestr.com\/index.php\/author\/n-kaya","title":"Van Ba\u015fkele\u2019de S\u0131n\u0131r Karakoluna Sald\u0131r\u0131 - The Epoch Times TR","type":"rich","width":600,"height":338,"html":"<blockquote class=\"wp-embedded-content\" data-secret=\"UwVzqji1DE\"><a href=\"https:\/\/epochtimestr.com\/index.php\/van-baskelede-sinir-karakoluna-saldiri\">Van Ba\u015fkele\u2019de S\u0131n\u0131r Karakoluna Sald\u0131r\u0131<\/a><\/blockquote><iframe sandbox=\"allow-scripts\" security=\"restricted\" src=\"https:\/\/epochtimestr.com\/index.php\/van-baskelede-sinir-karakoluna-saldiri\/embed#?secret=UwVzqji1DE\" width=\"600\" height=\"338\" title=\"&#8220;Van Ba\u015fkele\u2019de S\u0131n\u0131r Karakoluna Sald\u0131r\u0131&#8221; &#8212; The Epoch Times TR\" data-secret=\"UwVzqji1DE\" frameborder=\"0\" marginwidth=\"0\" marginheight=\"0\" scrolling=\"no\" class=\"wp-embedded-content\"><\/iframe><script type=\"text\/javascript\">\n\/* <![CDATA[ *\/\n\/*! This file is auto-generated *\/\n!function(d,l){\"use strict\";l.querySelector&&d.addEventListener&&\"undefined\"!=typeof URL&&(d.wp=d.wp||{},d.wp.receiveEmbedMessage||(d.wp.receiveEmbedMessage=function(e){var t=e.data;if((t||t.secret||t.message||t.value)&&!\/[^a-zA-Z0-9]\/.test(t.secret)){for(var s,r,n,a=l.querySelectorAll('iframe[data-secret=\"'+t.secret+'\"]'),o=l.querySelectorAll('blockquote[data-secret=\"'+t.secret+'\"]'),c=new RegExp(\"^https?:$\",\"i\"),i=0;i<o.length;i++)o[i].style.display=\"none\";for(i=0;i<a.length;i++)s=a[i],e.source===s.contentWindow&&(s.removeAttribute(\"style\"),\"height\"===t.message?(1e3<(r=parseInt(t.value,10))?r=1e3:~~r<200&&(r=200),s.height=r):\"link\"===t.message&&(r=new URL(s.getAttribute(\"src\")),n=new URL(t.value),c.test(n.protocol))&&n.host===r.host&&l.activeElement===s&&(d.top.location.href=t.value))}},d.addEventListener(\"message\",d.wp.receiveEmbedMessage,!1),l.addEventListener(\"DOMContentLoaded\",function(){for(var e,t,s=l.querySelectorAll(\"iframe.wp-embedded-content\"),r=0;r<s.length;r++)(t=(e=s[r]).getAttribute(\"data-secret\"))||(t=Math.random().toString(36).substring(2,12),e.src+=\"#?secret=\"+t,e.setAttribute(\"data-secret\",t)),e.contentWindow.postMessage({message:\"ready\",secret:t},\"*\")},!1)))}(window,document);\n\/* ]]> *\/\n<\/script>\n","thumbnail_url":"https:\/\/epochtimestr.com\/wp-content\/uploads\/2011y\/vanda-sinir-karakoluna-saldiri-3-asker-yarali-483242-664x354.jpg","thumbnail_width":600,"thumbnail_height":319,"description":"Van\u2019\u0131n Ba\u015fkale il\u00e7esinde, PKK\u2019l\u0131lar taraf\u0131ndan s\u0131n\u0131r karakoluna sald\u0131r\u0131 d\u00fczenledi. Sald\u0131r\u0131da 3 asker\u00a0yaraland\u0131. Edinilen bilgiye g\u00f6re, sabaha kar\u015f\u0131 PKK mensuplar\u0131, 6. Hudut Alay Komutanl\u0131\u011f\u0131na ba\u011fl\u0131 T\u00fcrkiye-\u0130ran s\u0131n\u0131r\u0131ndaki bir karakola uzun namlulu silahlarla sald\u0131rd\u0131. Sald\u0131r\u0131ya an\u0131nda kar\u015f\u0131l\u0131k verilmesi \u00fczerine \u00e7\u0131kan \u00e7at\u0131\u015fmada \u00fc\u00e7 asker yaraland\u0131.Yaral\u0131lar, askeri helikopterle olay yerinden al\u0131narak Van Askeri Hastanesi ile Y\u00fcz\u00fcnc\u00fc Y\u0131l \u00dcniversitesi Dursun [&hellip;]"}