{"version":"1.0","provider_name":"The Epoch Times TR","provider_url":"https:\/\/epochtimestr.com","author_name":"Nesrin Se\u00e7er","author_url":"https:\/\/epochtimestr.com\/index.php\/author\/nesrin","title":"Van \u0130\u00e7in Rock Konseri Dream TV'den Canl\u0131 Yay\u0131nlanacak - The Epoch Times TR","type":"rich","width":600,"height":338,"html":"<blockquote class=\"wp-embedded-content\" data-secret=\"czKrej07Fs\"><a href=\"https:\/\/epochtimestr.com\/index.php\/van-icin-rock-konseri-dream-tvden-canli-yayinlanacak\">Van \u0130\u00e7in Rock Konseri Dream TV&#8217;den Canl\u0131 Yay\u0131nlanacak<\/a><\/blockquote><iframe sandbox=\"allow-scripts\" security=\"restricted\" src=\"https:\/\/epochtimestr.com\/index.php\/van-icin-rock-konseri-dream-tvden-canli-yayinlanacak\/embed#?secret=czKrej07Fs\" width=\"600\" height=\"338\" title=\"&#8220;Van \u0130\u00e7in Rock Konseri Dream TV&#8217;den Canl\u0131 Yay\u0131nlanacak&#8221; &#8212; The Epoch Times TR\" data-secret=\"czKrej07Fs\" frameborder=\"0\" marginwidth=\"0\" marginheight=\"0\" scrolling=\"no\" class=\"wp-embedded-content\"><\/iframe><script type=\"text\/javascript\">\n\/* <![CDATA[ *\/\n\/*! This file is auto-generated *\/\n!function(d,l){\"use strict\";l.querySelector&&d.addEventListener&&\"undefined\"!=typeof URL&&(d.wp=d.wp||{},d.wp.receiveEmbedMessage||(d.wp.receiveEmbedMessage=function(e){var t=e.data;if((t||t.secret||t.message||t.value)&&!\/[^a-zA-Z0-9]\/.test(t.secret)){for(var s,r,n,a=l.querySelectorAll('iframe[data-secret=\"'+t.secret+'\"]'),o=l.querySelectorAll('blockquote[data-secret=\"'+t.secret+'\"]'),c=new RegExp(\"^https?:$\",\"i\"),i=0;i<o.length;i++)o[i].style.display=\"none\";for(i=0;i<a.length;i++)s=a[i],e.source===s.contentWindow&&(s.removeAttribute(\"style\"),\"height\"===t.message?(1e3<(r=parseInt(t.value,10))?r=1e3:~~r<200&&(r=200),s.height=r):\"link\"===t.message&&(r=new URL(s.getAttribute(\"src\")),n=new URL(t.value),c.test(n.protocol))&&n.host===r.host&&l.activeElement===s&&(d.top.location.href=t.value))}},d.addEventListener(\"message\",d.wp.receiveEmbedMessage,!1),l.addEventListener(\"DOMContentLoaded\",function(){for(var e,t,s=l.querySelectorAll(\"iframe.wp-embedded-content\"),r=0;r<s.length;r++)(t=(e=s[r]).getAttribute(\"data-secret\"))||(t=Math.random().toString(36).substring(2,12),e.src+=\"#?secret=\"+t,e.setAttribute(\"data-secret\",t)),e.contentWindow.postMessage({message:\"ready\",secret:t},\"*\")},!1)))}(window,document);\n\/* ]]> *\/\n<\/script>\n","description":"Van \u0130\u00e7in Rock&#8221; yard\u0131m konserine kat\u0131lacak isimler belli oldu. Yap\u0131lan a\u00e7\u0131klamaya g\u00f6re rock m\u00fczisyenleri, Van&#8217;da meydana gelen ve \u00e7ok say\u0131da yurtta\u015f\u0131n hayat\u0131n\u0131 kaybetti\u011fi ve bir\u00e7o\u011funun da evsiz kald\u0131\u011f\u0131 deprem i\u00e7in bir araya geldi. Y\u00fczlerce sanat\u00e7\u0131, g\u00f6n\u00fcll\u00fc ve kurumun ko\u015fulsuz ve \u00fccret almadan kat\u0131l\u0131m\u0131yla ger\u00e7ekle\u015fecek \u201cVan i\u00e7in rock\u201d toplu konseri, 30 Ekim pazar g\u00fcn\u00fc Ma\u00e7ka K\u00fc\u00e7\u00fck\u00e7iftlik [&hellip;]","thumbnail_url":"http:\/\/www.epochtimestr.com\/wp-content\/uploads\/2011y\/van-icin-rock1-300x136.jpg"}