{"version":"1.0","provider_name":"The Epoch Times TR","provider_url":"https:\/\/epochtimestr.com","author_name":"D.Alk\u0131n","author_url":"https:\/\/epochtimestr.com\/index.php\/author\/derya","title":"Van'da At\u0131\u015f Talimine Giden Polislere Bombal\u0131 Tuzak - The Epoch Times TR","type":"rich","width":600,"height":338,"html":"<blockquote class=\"wp-embedded-content\" data-secret=\"YFF8LrCgfm\"><a href=\"https:\/\/epochtimestr.com\/index.php\/vanda-atis-talimine-giden-polislere-bombali-tuzak\">Van&#8217;da At\u0131\u015f Talimine Giden Polislere Bombal\u0131 Tuzak<\/a><\/blockquote><iframe sandbox=\"allow-scripts\" security=\"restricted\" src=\"https:\/\/epochtimestr.com\/index.php\/vanda-atis-talimine-giden-polislere-bombali-tuzak\/embed#?secret=YFF8LrCgfm\" width=\"600\" height=\"338\" title=\"&#8220;Van&#8217;da At\u0131\u015f Talimine Giden Polislere Bombal\u0131 Tuzak&#8221; &#8212; The Epoch Times TR\" data-secret=\"YFF8LrCgfm\" frameborder=\"0\" marginwidth=\"0\" marginheight=\"0\" scrolling=\"no\" class=\"wp-embedded-content\"><\/iframe><script type=\"text\/javascript\">\n\/* <![CDATA[ *\/\n\/*! This file is auto-generated *\/\n!function(d,l){\"use strict\";l.querySelector&&d.addEventListener&&\"undefined\"!=typeof URL&&(d.wp=d.wp||{},d.wp.receiveEmbedMessage||(d.wp.receiveEmbedMessage=function(e){var t=e.data;if((t||t.secret||t.message||t.value)&&!\/[^a-zA-Z0-9]\/.test(t.secret)){for(var s,r,n,a=l.querySelectorAll('iframe[data-secret=\"'+t.secret+'\"]'),o=l.querySelectorAll('blockquote[data-secret=\"'+t.secret+'\"]'),c=new RegExp(\"^https?:$\",\"i\"),i=0;i<o.length;i++)o[i].style.display=\"none\";for(i=0;i<a.length;i++)s=a[i],e.source===s.contentWindow&&(s.removeAttribute(\"style\"),\"height\"===t.message?(1e3<(r=parseInt(t.value,10))?r=1e3:~~r<200&&(r=200),s.height=r):\"link\"===t.message&&(r=new URL(s.getAttribute(\"src\")),n=new URL(t.value),c.test(n.protocol))&&n.host===r.host&&l.activeElement===s&&(d.top.location.href=t.value))}},d.addEventListener(\"message\",d.wp.receiveEmbedMessage,!1),l.addEventListener(\"DOMContentLoaded\",function(){for(var e,t,s=l.querySelectorAll(\"iframe.wp-embedded-content\"),r=0;r<s.length;r++)(t=(e=s[r]).getAttribute(\"data-secret\"))||(t=Math.random().toString(36).substring(2,12),e.src+=\"#?secret=\"+t,e.setAttribute(\"data-secret\",t)),e.contentWindow.postMessage({message:\"ready\",secret:t},\"*\")},!1)))}(window,document);\n\/* ]]> *\/\n<\/script>\n","description":"Van&#8217;da At\u0131\u015f Talimine Giden Polislere Kurulan Tuzak Sonucu Meydana Gelen Patlamada 15 Polis Yaraland\u0131 Van\u2019da At\u0131\u015f talimi yapmaya giden bir grup polis PKK\u2019n\u0131n d\u00f6\u015fedi\u011fi may\u0131nl\u0131 sald\u0131r\u0131ya u\u011frad\u0131. Van Emniyet M\u00fcd\u00fcrl\u00fc\u011f\u00fc\u2019nde g\u00f6revli polislerden 15\u2019i \u00a0at\u0131\u015f poligonuna at\u0131\u015f talimine giderken yola d\u00f6\u015fenen ve uzaktan kumandayla patlat\u0131lan may\u0131n sonucu yaraland\u0131. H\u00fcrriyet\u2019in haberine g\u00f6re olay bu g\u00fcn saat 14.45\u2019de [&hellip;]"}