{"version":"1.0","provider_name":"The Epoch Times TR","provider_url":"https:\/\/epochtimestr.com","author_name":"Dila \u015eeng\u00fcl","author_url":"https:\/\/epochtimestr.com\/index.php\/author\/dila","title":"Yemen'de \u00c7at\u0131\u015fmalar S\u00fcr\u00fcyor: Husi Muhalif Grubundan 24 Kay\u0131p - The Epoch Times TR","type":"rich","width":600,"height":338,"html":"<blockquote class=\"wp-embedded-content\" data-secret=\"OmaSlVeC4v\"><a href=\"https:\/\/epochtimestr.com\/index.php\/yemende-catismalar-suruyor-husi-muhalif-grubundan-24-kayip\">Yemen&#8217;de \u00c7at\u0131\u015fmalar S\u00fcr\u00fcyor: Husi Muhalif Grubundan 24 Kay\u0131p<\/a><\/blockquote><iframe sandbox=\"allow-scripts\" security=\"restricted\" src=\"https:\/\/epochtimestr.com\/index.php\/yemende-catismalar-suruyor-husi-muhalif-grubundan-24-kayip\/embed#?secret=OmaSlVeC4v\" width=\"600\" height=\"338\" title=\"&#8220;Yemen&#8217;de \u00c7at\u0131\u015fmalar S\u00fcr\u00fcyor: Husi Muhalif Grubundan 24 Kay\u0131p&#8221; &#8212; The Epoch Times TR\" data-secret=\"OmaSlVeC4v\" frameborder=\"0\" marginwidth=\"0\" marginheight=\"0\" scrolling=\"no\" class=\"wp-embedded-content\"><\/iframe><script type=\"text\/javascript\">\n\/* <![CDATA[ *\/\n\/*! This file is auto-generated *\/\n!function(d,l){\"use strict\";l.querySelector&&d.addEventListener&&\"undefined\"!=typeof URL&&(d.wp=d.wp||{},d.wp.receiveEmbedMessage||(d.wp.receiveEmbedMessage=function(e){var t=e.data;if((t||t.secret||t.message||t.value)&&!\/[^a-zA-Z0-9]\/.test(t.secret)){for(var s,r,n,a=l.querySelectorAll('iframe[data-secret=\"'+t.secret+'\"]'),o=l.querySelectorAll('blockquote[data-secret=\"'+t.secret+'\"]'),c=new RegExp(\"^https?:$\",\"i\"),i=0;i<o.length;i++)o[i].style.display=\"none\";for(i=0;i<a.length;i++)s=a[i],e.source===s.contentWindow&&(s.removeAttribute(\"style\"),\"height\"===t.message?(1e3<(r=parseInt(t.value,10))?r=1e3:~~r<200&&(r=200),s.height=r):\"link\"===t.message&&(r=new URL(s.getAttribute(\"src\")),n=new URL(t.value),c.test(n.protocol))&&n.host===r.host&&l.activeElement===s&&(d.top.location.href=t.value))}},d.addEventListener(\"message\",d.wp.receiveEmbedMessage,!1),l.addEventListener(\"DOMContentLoaded\",function(){for(var e,t,s=l.querySelectorAll(\"iframe.wp-embedded-content\"),r=0;r<s.length;r++)(t=(e=s[r]).getAttribute(\"data-secret\"))||(t=Math.random().toString(36).substring(2,12),e.src+=\"#?secret=\"+t,e.setAttribute(\"data-secret\",t)),e.contentWindow.postMessage({message:\"ready\",secret:t},\"*\")},!1)))}(window,document);\n\/* ]]> *\/\n<\/script>\n","thumbnail_url":"https:\/\/epochtimestr.com\/wp-content\/uploads\/2011y\/1965690.jpg","thumbnail_width":664,"thumbnail_height":354,"description":"Yemen&#8217;de, Husiler ile Yemen ordusu aras\u0131nda \u00e7\u0131kan \u00e7at\u0131\u015fmalarda, Husi grubundan 24 ki\u015fi hayat\u0131n\u0131 kaybetti. Yemen&#8217;de Husiler muhalif grubuyla ile Yemen ordusu aras\u0131nda \u015fiddetli \u00e7at\u0131\u015fmalar devam ediyor. Aktar\u0131lan bilgilere g\u00f6re \u00e7\u0131kan \u00e7at\u0131\u015fmalarda Husili 23 militan ve devrik lider Ali Abdullah Sali \u00f6ld\u00fcr\u00fcl\u00fcrken, iki ki\u015fide yakaland\u0131. Yemen ordusundan da 3 ki\u015fi \u00f6ld\u00fcr\u00fcl\u00fcrken 7 ki\u015fi de yaraland\u0131. \u0130HA"}