{"version":"1.0","provider_name":"The Epoch Times TR","provider_url":"https:\/\/epochtimestr.com","author_name":"Emel AKAN","author_url":"https:\/\/epochtimestr.com\/index.php\/author\/emel","title":"Yemen\u2019de \u0130syanc\u0131lar Taiz\u2019i Ele Ge\u00e7irdi - The Epoch Times TR","type":"rich","width":600,"height":338,"html":"<blockquote class=\"wp-embedded-content\" data-secret=\"rSbKym7XlG\"><a href=\"https:\/\/epochtimestr.com\/index.php\/yemende-isyancilar-taizi-ele-gecirdi\">Yemen\u2019de \u0130syanc\u0131lar Taiz\u2019i Ele Ge\u00e7irdi<\/a><\/blockquote><iframe sandbox=\"allow-scripts\" security=\"restricted\" src=\"https:\/\/epochtimestr.com\/index.php\/yemende-isyancilar-taizi-ele-gecirdi\/embed#?secret=rSbKym7XlG\" width=\"600\" height=\"338\" title=\"&#8220;Yemen\u2019de \u0130syanc\u0131lar Taiz\u2019i Ele Ge\u00e7irdi&#8221; &#8212; The Epoch Times TR\" data-secret=\"rSbKym7XlG\" frameborder=\"0\" marginwidth=\"0\" marginheight=\"0\" scrolling=\"no\" class=\"wp-embedded-content\"><\/iframe><script type=\"text\/javascript\">\n\/* <![CDATA[ *\/\n\/*! This file is auto-generated *\/\n!function(d,l){\"use strict\";l.querySelector&&d.addEventListener&&\"undefined\"!=typeof URL&&(d.wp=d.wp||{},d.wp.receiveEmbedMessage||(d.wp.receiveEmbedMessage=function(e){var t=e.data;if((t||t.secret||t.message||t.value)&&!\/[^a-zA-Z0-9]\/.test(t.secret)){for(var s,r,n,a=l.querySelectorAll('iframe[data-secret=\"'+t.secret+'\"]'),o=l.querySelectorAll('blockquote[data-secret=\"'+t.secret+'\"]'),c=new RegExp(\"^https?:$\",\"i\"),i=0;i<o.length;i++)o[i].style.display=\"none\";for(i=0;i<a.length;i++)s=a[i],e.source===s.contentWindow&&(s.removeAttribute(\"style\"),\"height\"===t.message?(1e3<(r=parseInt(t.value,10))?r=1e3:~~r<200&&(r=200),s.height=r):\"link\"===t.message&&(r=new URL(s.getAttribute(\"src\")),n=new URL(t.value),c.test(n.protocol))&&n.host===r.host&&l.activeElement===s&&(d.top.location.href=t.value))}},d.addEventListener(\"message\",d.wp.receiveEmbedMessage,!1),l.addEventListener(\"DOMContentLoaded\",function(){for(var e,t,s=l.querySelectorAll(\"iframe.wp-embedded-content\"),r=0;r<s.length;r++)(t=(e=s[r]).getAttribute(\"data-secret\"))||(t=Math.random().toString(36).substring(2,12),e.src+=\"#?secret=\"+t,e.setAttribute(\"data-secret\",t)),e.contentWindow.postMessage({message:\"ready\",secret:t},\"*\")},!1)))}(window,document);\n\/* ]]> *\/\n<\/script>\n","thumbnail_url":"https:\/\/epochtimestr.com\/wp-content\/uploads\/2011y\/yemende-isyancilar-taizi-ele-gecirdi-892855-664x354.jpg","thumbnail_width":500,"thumbnail_height":266,"description":"Yemen\u2019de, \u015eii isyanc\u0131lar taraf\u0131ndan \u00fclkenin en b\u00fcy\u00fck \u00fc\u00e7\u00fcnc\u00fc kenti olan Taiz\u2019in ele ge\u00e7irildi\u011fi bildirildi. Yemenli yetkililer taraf\u0131ndan yap\u0131lan de\u011ferlendirmede, \u00fclkede bulunan havaalan\u0131n\u0131 isyanc\u0131lar\u0131n ele ge\u00e7irdi\u011fi kaydedildi. Tan\u0131klar taraf\u0131ndan yap\u0131lan a\u00e7\u0131klamada, askeri ara\u00e7lar\u0131n ve tanklar\u0131n Yemen\u2019in kuzeyinden Taiz kentine do\u011fru ilerledi\u011fi belirtildi. \u00d6te yandan \u00fclkede stratejik \u00f6neme sahip Taiz kenti, ba\u015fkent Sana ile g\u00fcneyde bulunan Aden [&hellip;]"}