{"version":"1.0","provider_name":"The Epoch Times TR","provider_url":"https:\/\/epochtimestr.com","author_name":"D.Alk\u0131n","author_url":"https:\/\/epochtimestr.com\/index.php\/author\/derya","title":"YSK'n\u0131n Vetosunun Ard\u0131ndan Diyarbak\u0131r'da Gerginlikler Artt\u0131 - The Epoch Times TR","type":"rich","width":600,"height":338,"html":"<blockquote class=\"wp-embedded-content\" data-secret=\"GPEMsDr0Z6\"><a href=\"https:\/\/epochtimestr.com\/index.php\/ysknin-vetosunun-ardindan-diyarbakirda-gerginlikler-artti\">YSK&#8217;n\u0131n Vetosunun Ard\u0131ndan Diyarbak\u0131r&#8217;da Gerginlikler Artt\u0131<\/a><\/blockquote><iframe sandbox=\"allow-scripts\" security=\"restricted\" src=\"https:\/\/epochtimestr.com\/index.php\/ysknin-vetosunun-ardindan-diyarbakirda-gerginlikler-artti\/embed#?secret=GPEMsDr0Z6\" width=\"600\" height=\"338\" title=\"&#8220;YSK&#8217;n\u0131n Vetosunun Ard\u0131ndan Diyarbak\u0131r&#8217;da Gerginlikler Artt\u0131&#8221; &#8212; The Epoch Times TR\" data-secret=\"GPEMsDr0Z6\" frameborder=\"0\" marginwidth=\"0\" marginheight=\"0\" scrolling=\"no\" class=\"wp-embedded-content\"><\/iframe><script type=\"text\/javascript\">\n\/* <![CDATA[ *\/\n\/*! This file is auto-generated *\/\n!function(d,l){\"use strict\";l.querySelector&&d.addEventListener&&\"undefined\"!=typeof URL&&(d.wp=d.wp||{},d.wp.receiveEmbedMessage||(d.wp.receiveEmbedMessage=function(e){var t=e.data;if((t||t.secret||t.message||t.value)&&!\/[^a-zA-Z0-9]\/.test(t.secret)){for(var s,r,n,a=l.querySelectorAll('iframe[data-secret=\"'+t.secret+'\"]'),o=l.querySelectorAll('blockquote[data-secret=\"'+t.secret+'\"]'),c=new RegExp(\"^https?:$\",\"i\"),i=0;i<o.length;i++)o[i].style.display=\"none\";for(i=0;i<a.length;i++)s=a[i],e.source===s.contentWindow&&(s.removeAttribute(\"style\"),\"height\"===t.message?(1e3<(r=parseInt(t.value,10))?r=1e3:~~r<200&&(r=200),s.height=r):\"link\"===t.message&&(r=new URL(s.getAttribute(\"src\")),n=new URL(t.value),c.test(n.protocol))&&n.host===r.host&&l.activeElement===s&&(d.top.location.href=t.value))}},d.addEventListener(\"message\",d.wp.receiveEmbedMessage,!1),l.addEventListener(\"DOMContentLoaded\",function(){for(var e,t,s=l.querySelectorAll(\"iframe.wp-embedded-content\"),r=0;r<s.length;r++)(t=(e=s[r]).getAttribute(\"data-secret\"))||(t=Math.random().toString(36).substring(2,12),e.src+=\"#?secret=\"+t,e.setAttribute(\"data-secret\",t)),e.contentWindow.postMessage({message:\"ready\",secret:t},\"*\")},!1)))}(window,document);\n\/* ]]> *\/\n<\/script>\n","description":"YSK\u2019n\u0131n 12 ba\u011f\u0131ms\u0131z milletvekili aday\u0131n\u0131n adayl\u0131klar\u0131n\u0131 veto etmesinin ard\u0131ndan gergin g\u00fcnler ya\u015fanmaya ba\u015fland\u0131. YSK\u2019n\u0131n karar\u0131n\u0131n protesto edildi\u011fi G\u00fcneydo\u011fu\u2019da bu g\u00fcn g\u00f6sterilerde bir ki\u015fi ya\u015fam\u0131n\u0131 yitirdi. Diyarbak\u0131r\u2019\u0131n Bismil il\u00e7esinde g\u00f6steriler s\u0131ras\u0131nda g\u00f6stericilere ate\u015f a\u00e7\u0131lmas\u0131 sonucu bir g\u00f6sterici hayat\u0131n\u0131 kaybetti. Bu geli\u015fmeler \u00fczerine Cumhurba\u015fkan\u0131 Abdullah G\u00fcl ile k\u00f6\u015fkte randevusu olan BDP Genel Ba\u015fkan\u0131 Selehattin Demirta\u015f Cumhurba\u015fkan\u0131n\u0131 arayarak [&hellip;]","thumbnail_url":"http:\/\/www.epochtimestr.com\/wp-content\/uploads\/2011y\/baris-ve-demokrasi-partisi-logo3-150x150.jpg"}