{"version":"1.0","provider_name":"The Epoch Times TR","provider_url":"https:\/\/epochtimestr.com","author_name":"Nesrin Se\u00e7er","author_url":"https:\/\/epochtimestr.com\/index.php\/author\/nesrin","title":"Y\u00fcksek Bask\u0131 Tekni\u011finin Mucidi Johannes Gutenberg - The Epoch Times TR","type":"rich","width":600,"height":338,"html":"<blockquote class=\"wp-embedded-content\" data-secret=\"IRzhjKwj6a\"><a href=\"https:\/\/epochtimestr.com\/index.php\/yuksek-baski-tekniginin-mucidi-johannes-gutenberg\">Y\u00fcksek Bask\u0131 Tekni\u011finin Mucidi Johannes Gutenberg<\/a><\/blockquote><iframe sandbox=\"allow-scripts\" security=\"restricted\" src=\"https:\/\/epochtimestr.com\/index.php\/yuksek-baski-tekniginin-mucidi-johannes-gutenberg\/embed#?secret=IRzhjKwj6a\" width=\"600\" height=\"338\" title=\"&#8220;Y\u00fcksek Bask\u0131 Tekni\u011finin Mucidi Johannes Gutenberg&#8221; &#8212; The Epoch Times TR\" data-secret=\"IRzhjKwj6a\" frameborder=\"0\" marginwidth=\"0\" marginheight=\"0\" scrolling=\"no\" class=\"wp-embedded-content\"><\/iframe><script type=\"text\/javascript\">\n\/* <![CDATA[ *\/\n\/*! This file is auto-generated *\/\n!function(d,l){\"use strict\";l.querySelector&&d.addEventListener&&\"undefined\"!=typeof URL&&(d.wp=d.wp||{},d.wp.receiveEmbedMessage||(d.wp.receiveEmbedMessage=function(e){var t=e.data;if((t||t.secret||t.message||t.value)&&!\/[^a-zA-Z0-9]\/.test(t.secret)){for(var s,r,n,a=l.querySelectorAll('iframe[data-secret=\"'+t.secret+'\"]'),o=l.querySelectorAll('blockquote[data-secret=\"'+t.secret+'\"]'),c=new RegExp(\"^https?:$\",\"i\"),i=0;i<o.length;i++)o[i].style.display=\"none\";for(i=0;i<a.length;i++)s=a[i],e.source===s.contentWindow&&(s.removeAttribute(\"style\"),\"height\"===t.message?(1e3<(r=parseInt(t.value,10))?r=1e3:~~r<200&&(r=200),s.height=r):\"link\"===t.message&&(r=new URL(s.getAttribute(\"src\")),n=new URL(t.value),c.test(n.protocol))&&n.host===r.host&&l.activeElement===s&&(d.top.location.href=t.value))}},d.addEventListener(\"message\",d.wp.receiveEmbedMessage,!1),l.addEventListener(\"DOMContentLoaded\",function(){for(var e,t,s=l.querySelectorAll(\"iframe.wp-embedded-content\"),r=0;r<s.length;r++)(t=(e=s[r]).getAttribute(\"data-secret\"))||(t=Math.random().toString(36).substring(2,12),e.src+=\"#?secret=\"+t,e.setAttribute(\"data-secret\",t)),e.contentWindow.postMessage({message:\"ready\",secret:t},\"*\")},!1)))}(window,document);\n\/* ]]> *\/\n<\/script>\n","description":"B\u00fcy\u00fck mucit Johannes Gutenberg ileti\u015fim tarihinin en \u00f6nemli geli\u015fmelerinden biri say\u0131lan y\u00fcksek bask\u0131 tekni\u011fini (G\u00fcn\u00fcm\u00fcz Tipo bask\u0131s\u0131) 1438&#8217;de Avrupaya getirerek matbaac\u0131l\u0131\u011f\u0131n geli\u015fimine \u00e7ok b\u00fcy\u00fck ivme kazand\u0131rm\u0131\u015ft\u0131r. Bu y\u00f6ntem, \u00f6nceleri tahtadan daha sonralar\u0131 bir kur\u015fun ala\u015f\u0131m\u0131ndan yap\u0131lan d\u00f6kme harflerin, bask\u0131dan sonra ba\u015fka bir yaz\u0131da kullan\u0131lmak \u00fczere sakland\u0131\u011f\u0131 bir bas\u0131m y\u00f6ntemidir. Bu, y\u00fczy\u0131llard\u0131r \u00c7in ve Kore&#8217;de kullan\u0131lmaktayd\u0131. [&hellip;]","thumbnail_url":"http:\/\/www.epochtimestr.com\/wp-content\/uploads\/2011y\/Gutenberg-300x219.jpg"}