{"version":"1.0","provider_name":"The Epoch Times TR","provider_url":"https:\/\/epochtimestr.com","author_name":"\u00c7.Akdeniz","author_url":"https:\/\/epochtimestr.com\/index.php\/author\/cigdem","title":"Yunanistan Euro B\u00f6lgesinde Kald\u0131 Fakat Kredi Notunu D\u00fc\u015f\u00fcrd\u00fc  - The Epoch Times TR","type":"rich","width":600,"height":338,"html":"<blockquote class=\"wp-embedded-content\" data-secret=\"AEMA0pOK4J\"><a href=\"https:\/\/epochtimestr.com\/index.php\/yunanistan-euro-bolgesinde-kaldi-fakat-kredi-notunu-dusurdu\">Yunanistan Euro B\u00f6lgesinde Kald\u0131 Fakat Kredi Notunu D\u00fc\u015f\u00fcrd\u00fc<\/a><\/blockquote><iframe sandbox=\"allow-scripts\" security=\"restricted\" src=\"https:\/\/epochtimestr.com\/index.php\/yunanistan-euro-bolgesinde-kaldi-fakat-kredi-notunu-dusurdu\/embed#?secret=AEMA0pOK4J\" width=\"600\" height=\"338\" title=\"&#8220;Yunanistan Euro B\u00f6lgesinde Kald\u0131 Fakat Kredi Notunu D\u00fc\u015f\u00fcrd\u00fc&#8221; &#8212; The Epoch Times TR\" data-secret=\"AEMA0pOK4J\" frameborder=\"0\" marginwidth=\"0\" marginheight=\"0\" scrolling=\"no\" class=\"wp-embedded-content\"><\/iframe><script type=\"text\/javascript\">\n\/* <![CDATA[ *\/\n\/*! This file is auto-generated *\/\n!function(d,l){\"use strict\";l.querySelector&&d.addEventListener&&\"undefined\"!=typeof URL&&(d.wp=d.wp||{},d.wp.receiveEmbedMessage||(d.wp.receiveEmbedMessage=function(e){var t=e.data;if((t||t.secret||t.message||t.value)&&!\/[^a-zA-Z0-9]\/.test(t.secret)){for(var s,r,n,a=l.querySelectorAll('iframe[data-secret=\"'+t.secret+'\"]'),o=l.querySelectorAll('blockquote[data-secret=\"'+t.secret+'\"]'),c=new RegExp(\"^https?:$\",\"i\"),i=0;i<o.length;i++)o[i].style.display=\"none\";for(i=0;i<a.length;i++)s=a[i],e.source===s.contentWindow&&(s.removeAttribute(\"style\"),\"height\"===t.message?(1e3<(r=parseInt(t.value,10))?r=1e3:~~r<200&&(r=200),s.height=r):\"link\"===t.message&&(r=new URL(s.getAttribute(\"src\")),n=new URL(t.value),c.test(n.protocol))&&n.host===r.host&&l.activeElement===s&&(d.top.location.href=t.value))}},d.addEventListener(\"message\",d.wp.receiveEmbedMessage,!1),l.addEventListener(\"DOMContentLoaded\",function(){for(var e,t,s=l.querySelectorAll(\"iframe.wp-embedded-content\"),r=0;r<s.length;r++)(t=(e=s[r]).getAttribute(\"data-secret\"))||(t=Math.random().toString(36).substring(2,12),e.src+=\"#?secret=\"+t,e.setAttribute(\"data-secret\",t)),e.contentWindow.postMessage({message:\"ready\",secret:t},\"*\")},!1)))}(window,document);\n\/* ]]> *\/\n<\/script>\n","thumbnail_url":"https:\/\/epochtimestr.com\/wp-content\/uploads\/2011y\/Yunanistan-kredi-notu-d\u00fc\u015ft\u00fc.jpg","thumbnail_width":554,"thumbnail_height":350,"description":"Yunanistan G\u00fcvenli b\u00f6lge Euro b\u00f6lgesinde kalmay\u0131 ba\u015far\u0131rken Kredi notu iki puan birden d\u00fc\u015ft\u00fc Yunanistan ekonomisi i\u00e7in, yeni kurtarma anla\u015fmas\u0131 olan 237 Milyar Euro yard\u0131m paketi alarak g\u00fcvenli b\u00f6lgede kalmay\u0131 ba\u015fard\u0131. Yapt\u0131\u011f\u0131 anla\u015fma do\u011frultusunda yat\u0131r\u0131mc\u0131lara sat\u0131lm\u0131\u015f tahvillerin geri \u00f6demelerinde y\u00fczde 53,5 kesinti yap\u0131lacak. Euro b\u00f6lgesi Ba\u015fkan Yard\u0131mc\u0131s\u0131 Olli Rehn yapt\u0131\u011f\u0131 a\u00e7\u0131klamada, \u201cBu anla\u015fma Yunanistan i\u00e7in \u00f6nemli [&hellip;]"}