{"version":"1.0","provider_name":"The Epoch Times TR","provider_url":"https:\/\/epochtimestr.com","author_name":"\u00c7.Akdeniz","author_url":"https:\/\/epochtimestr.com\/index.php\/author\/cigdem","title":"Yunanistan\u2019da \u00d6fkeli Kalabal\u0131k, Atina Meydan\u0131n\u0131 Tahrir'e \u00c7evirdi - The Epoch Times TR","type":"rich","width":600,"height":338,"html":"<blockquote class=\"wp-embedded-content\" data-secret=\"prWcU98oBN\"><a href=\"https:\/\/epochtimestr.com\/index.php\/yunanistanda-ofkeli-kalabalik-atina-meydanini-tahrire-cevirdi\">Yunanistan\u2019da \u00d6fkeli Kalabal\u0131k, Atina Meydan\u0131n\u0131 Tahrir&#8217;e \u00c7evirdi<\/a><\/blockquote><iframe sandbox=\"allow-scripts\" security=\"restricted\" src=\"https:\/\/epochtimestr.com\/index.php\/yunanistanda-ofkeli-kalabalik-atina-meydanini-tahrire-cevirdi\/embed#?secret=prWcU98oBN\" width=\"600\" height=\"338\" title=\"&#8220;Yunanistan\u2019da \u00d6fkeli Kalabal\u0131k, Atina Meydan\u0131n\u0131 Tahrir&#8217;e \u00c7evirdi&#8221; &#8212; The Epoch Times TR\" data-secret=\"prWcU98oBN\" frameborder=\"0\" marginwidth=\"0\" marginheight=\"0\" scrolling=\"no\" class=\"wp-embedded-content\"><\/iframe><script type=\"text\/javascript\">\n\/* <![CDATA[ *\/\n\/*! This file is auto-generated *\/\n!function(d,l){\"use strict\";l.querySelector&&d.addEventListener&&\"undefined\"!=typeof URL&&(d.wp=d.wp||{},d.wp.receiveEmbedMessage||(d.wp.receiveEmbedMessage=function(e){var t=e.data;if((t||t.secret||t.message||t.value)&&!\/[^a-zA-Z0-9]\/.test(t.secret)){for(var s,r,n,a=l.querySelectorAll('iframe[data-secret=\"'+t.secret+'\"]'),o=l.querySelectorAll('blockquote[data-secret=\"'+t.secret+'\"]'),c=new RegExp(\"^https?:$\",\"i\"),i=0;i<o.length;i++)o[i].style.display=\"none\";for(i=0;i<a.length;i++)s=a[i],e.source===s.contentWindow&&(s.removeAttribute(\"style\"),\"height\"===t.message?(1e3<(r=parseInt(t.value,10))?r=1e3:~~r<200&&(r=200),s.height=r):\"link\"===t.message&&(r=new URL(s.getAttribute(\"src\")),n=new URL(t.value),c.test(n.protocol))&&n.host===r.host&&l.activeElement===s&&(d.top.location.href=t.value))}},d.addEventListener(\"message\",d.wp.receiveEmbedMessage,!1),l.addEventListener(\"DOMContentLoaded\",function(){for(var e,t,s=l.querySelectorAll(\"iframe.wp-embedded-content\"),r=0;r<s.length;r++)(t=(e=s[r]).getAttribute(\"data-secret\"))||(t=Math.random().toString(36).substring(2,12),e.src+=\"#?secret=\"+t,e.setAttribute(\"data-secret\",t)),e.contentWindow.postMessage({message:\"ready\",secret:t},\"*\")},!1)))}(window,document);\n\/* ]]> *\/\n<\/script>\n","description":"Yunanistan\u2019\u0131n ba\u015fkenti Atina\u2019da yakla\u015f\u0131k 40 bin \u00e7al\u0131\u015fan, h\u00fck\u00fcmetin ekonomik krizle m\u00fccadelede hayata ge\u00e7irdi\u011fi ac\u0131 re\u00e7eteyi protesto etti. Polis ve \u00c7evik Kuvvet (MAT) ile zaman zaman g\u00f6\u011f\u00fcs g\u00f6\u011f\u00fcse \u00e7arp\u0131\u015fan iktidar kar\u015f\u0131t\u0131 anar\u015fist gruplara sade vatanda\u015flar da destek verdi. 20 ki\u015finin g\u00f6zalt\u0131na al\u0131nd\u0131\u011f\u0131, 5 ki\u015finin tutukland\u0131\u011f\u0131 olaylarda 5 ki\u015fi de yaraland\u0131. Sert m\u00fcdahaleye ra\u011fmen Sintagma Meydan\u0131&#8217;n\u0131 terk [&hellip;]","thumbnail_url":"http:\/\/www.epochtimestr.com\/wp-content\/uploads\/2011y\/Njg4ODAy.jpg"}