{"version":"1.0","provider_name":"The Epoch Times TR","provider_url":"https:\/\/epochtimestr.com","author_name":"S. \u00d6zcan","author_url":"https:\/\/epochtimestr.com\/index.php\/author\/n-kaya","title":"Yunanistan\u2019\u0131n Kredi Notu D\u00fc\u015f\u00fcr\u00fcld\u00fc - The Epoch Times TR","type":"rich","width":600,"height":338,"html":"<blockquote class=\"wp-embedded-content\" data-secret=\"BEEORhYNm4\"><a href=\"https:\/\/epochtimestr.com\/index.php\/yunanistanin-kredi-notu-dusuruldu\">Yunanistan\u2019\u0131n Kredi Notu D\u00fc\u015f\u00fcr\u00fcld\u00fc<\/a><\/blockquote><iframe sandbox=\"allow-scripts\" security=\"restricted\" src=\"https:\/\/epochtimestr.com\/index.php\/yunanistanin-kredi-notu-dusuruldu\/embed#?secret=BEEORhYNm4\" width=\"600\" height=\"338\" title=\"&#8220;Yunanistan\u2019\u0131n Kredi Notu D\u00fc\u015f\u00fcr\u00fcld\u00fc&#8221; &#8212; The Epoch Times TR\" data-secret=\"BEEORhYNm4\" frameborder=\"0\" marginwidth=\"0\" marginheight=\"0\" scrolling=\"no\" class=\"wp-embedded-content\"><\/iframe><script type=\"text\/javascript\">\n\/* <![CDATA[ *\/\n\/*! This file is auto-generated *\/\n!function(d,l){\"use strict\";l.querySelector&&d.addEventListener&&\"undefined\"!=typeof URL&&(d.wp=d.wp||{},d.wp.receiveEmbedMessage||(d.wp.receiveEmbedMessage=function(e){var t=e.data;if((t||t.secret||t.message||t.value)&&!\/[^a-zA-Z0-9]\/.test(t.secret)){for(var s,r,n,a=l.querySelectorAll('iframe[data-secret=\"'+t.secret+'\"]'),o=l.querySelectorAll('blockquote[data-secret=\"'+t.secret+'\"]'),c=new RegExp(\"^https?:$\",\"i\"),i=0;i<o.length;i++)o[i].style.display=\"none\";for(i=0;i<a.length;i++)s=a[i],e.source===s.contentWindow&&(s.removeAttribute(\"style\"),\"height\"===t.message?(1e3<(r=parseInt(t.value,10))?r=1e3:~~r<200&&(r=200),s.height=r):\"link\"===t.message&&(r=new URL(s.getAttribute(\"src\")),n=new URL(t.value),c.test(n.protocol))&&n.host===r.host&&l.activeElement===s&&(d.top.location.href=t.value))}},d.addEventListener(\"message\",d.wp.receiveEmbedMessage,!1),l.addEventListener(\"DOMContentLoaded\",function(){for(var e,t,s=l.querySelectorAll(\"iframe.wp-embedded-content\"),r=0;r<s.length;r++)(t=(e=s[r]).getAttribute(\"data-secret\"))||(t=Math.random().toString(36).substring(2,12),e.src+=\"#?secret=\"+t,e.setAttribute(\"data-secret\",t)),e.contentWindow.postMessage({message:\"ready\",secret:t},\"*\")},!1)))}(window,document);\n\/* ]]> *\/\n<\/script>\n","thumbnail_url":"https:\/\/epochtimestr.com\/wp-content\/uploads\/2011y\/kredi-derecelendirme-kuruluslarindan-yunanistana-darbe-1084422-664x354.jpg","thumbnail_width":600,"thumbnail_height":319,"description":"Yunanistan\u2019\u0131n kredi notu \u201cyat\u0131r\u0131m yap\u0131lamaz\u201d ya da \u201ciflasa yak\u0131n\u201d anlam\u0131na gelen not seviyelerine d\u00fc\u015f\u00fcr\u00fcld\u00fc. Temerr\u00fcde d\u00fc\u015ferek d\u00fcnyan\u0131n g\u00fcndeminde yer alan Yunanistan\u2019a bir darbe de uluslararas\u0131 kredi derecelendirme kurumlar\u0131ndan geldi. Yunan Ba\u015fbakan\u0131 Alexis \u00c7ipras taraf\u0131ndan Cuma g\u00fcn\u00fc a\u00e7\u0131klanan ve Cumartesi g\u00fcn\u00fc parlamentoda yap\u0131lan oylama ile kabul edilen referandum karar\u0131n\u0131n ard\u0131ndan uluslararas\u0131 kredi derecelendirme kurulu\u015flar\u0131 \u00fclkenin kredi [&hellip;]"}